{"id":578,"date":"2025-05-21T12:06:19","date_gmt":"2025-05-21T10:06:19","guid":{"rendered":"https:\/\/www.wpd.de\/windpark-saulheim-partenheim\/?page_id=578"},"modified":"2025-07-18T11:25:00","modified_gmt":"2025-07-18T09:25:00","slug":"ausgleichs-und-ersatzmassnahmen","status":"publish","type":"page","link":"https:\/\/www.wpd.de\/windpark-kemnitz\/wissenswertes\/mensch-und-gesundheit\/ausgleichs-und-ersatzmassnahmen\/","title":{"rendered":"Ausgleichs- und Ersatzma\u00dfnahmen"},"content":{"rendered":"","protected":false},"excerpt":{"rendered":"a:1:{i:0;s:0:&#8220;&#8220;;} Ausgleichs- und Ersatzma\u00dfnahmen Windenergieanlagen verursachen <strong>grundfl\u00e4chenbezogene Eingriffe<\/strong>, die naturschutzrechtlich bewertet und gehandhabt werden m\u00fcssen.\r\n\r\nGem\u00e4\u00df <strong>\u00a7\u00a7 13ff. Bundesnaturschutzgesetz<\/strong> m\u00fcssen unvermeidbare Eingriffe durch <strong>Ausgleichs- oder Ersatzma\u00dfnahmen<\/strong> kompensiert werden. weiss    a:2:{i:0;s:11:&#8220;text-normal&#8220;;i:1;s:11:&#8220;text-normal&#8220;;}   a:1:{i:0;s:4:&#8220;2265&#8243;;}     kein_schmuck 0    Bei wpd wurden bereits viele solcher Ma\u00dfnahmen umgesetzt, u. a.:\r\n<ul>\r\n \t<li><strong>Anlage und Renaturierung von Gew\u00e4ssern<\/strong> (Teiche, Gr\u00fcnlandvern\u00e4ssung)<\/li>\r\n \t<li><strong>Produktionsintegrierte Ma\u00dfnahmen<\/strong> (Bl\u00fchfl\u00e4chen, Ackerrandstreifen, Mahdmanagement)<\/li>\r\n \t<li><strong>Bau von Tierquartieren<\/strong> (Nisthilfen f\u00fcr V\u00f6gel, Flederm\u00e4use)<\/li>\r\n \t<li><strong>Anlage von Pflanzungen<\/strong> (Obstwiesen, Hecken, Baumreihen)<\/li>\r\n \t<li><strong>Aufforstungen<\/strong> (Erstaufforstungen, Waldumbau)<\/li>\r\n \t<li><strong>Abbrucharbeiten<\/strong> (Abriss alter Geb\u00e4ude, Entsiegelung von Fl\u00e4chen)<\/li>\r\n<\/ul>   2812 0   zweidritteltext 1 rechts kein_schmuck weiss 1 ","protected":false},"author":16,"featured_media":2402,"parent":1197,"menu_order":12,"comment_status":"closed","ping_status":"closed","template":"template-flexible-contents.php","meta":{"_acf_changed":false,"footnotes":""},"class_list":["post-578","page","type-page","status-publish","has-post-thumbnail","hentry"],"acf":[],"yoast_head":"<!-- This site is optimized with the Yoast SEO plugin v25.4 - https:\/\/yoast.com\/wordpress\/plugins\/seo\/ -->\n<title>Ausgleichs- und Ersatzma\u00dfnahmen - Windpark Kemnitz Repowering<\/title>\n<meta name=\"description\" content=\"Windenergieanlagen verursachen grundfl\u00e4chenbezogene Eingriffe, die naturschutzrechtlich bewertet und gehandhabt werden m\u00fcssen. Gem\u00e4\u00df \u00a7\u00a7 13ff. Bundesnaturschutzgesetz m\u00fcssen unvermeidbare Eingriffe dur\" \/>\n<meta name=\"robots\" content=\"index, follow, max-snippet:-1, max-image-preview:large, max-video-preview:-1\" \/>\n<link rel=\"canonical\" href=\"https:\/\/www.wpd.de\/windpark-kemnitz\/wissenswertes\/mensch-und-gesundheit\/ausgleichs-und-ersatzmassnahmen\/\" \/>\n<meta property=\"og:locale\" content=\"de_DE\" \/>\n<meta property=\"og:type\" content=\"article\" \/>\n<meta property=\"og:title\" content=\"Ausgleichs- und Ersatzma\u00dfnahmen - Windpark Kemnitz Repowering\" \/>\n<meta property=\"og:description\" content=\"Windenergieanlagen verursachen grundfl\u00e4chenbezogene Eingriffe, die naturschutzrechtlich bewertet und gehandhabt werden m\u00fcssen. Gem\u00e4\u00df \u00a7\u00a7 13ff. Bundesnaturschutzgesetz m\u00fcssen unvermeidbare Eingriffe dur\" \/>\n<meta property=\"og:url\" content=\"https:\/\/www.wpd.de\/windpark-kemnitz\/wissenswertes\/mensch-und-gesundheit\/ausgleichs-und-ersatzmassnahmen\/\" \/>\n<meta property=\"og:site_name\" content=\"Windpark Kemnitz Repowering\" \/>\n<meta property=\"article:modified_time\" content=\"2025-07-18T09:25:00+00:00\" \/>\n<meta property=\"og:image\" content=\"https:\/\/www.wpd.de\/windpark-kemnitz\/wp-content\/uploads\/sites\/12\/2025\/06\/20140602_164925-scaled.jpg\" \/>\n\t<meta property=\"og:image:width\" content=\"2560\" \/>\n\t<meta property=\"og:image:height\" content=\"1920\" \/>\n\t<meta property=\"og:image:type\" content=\"image\/jpeg\" \/>\n<meta name=\"twitter:card\" content=\"summary_large_image\" \/>\n<script type=\"application\/ld+json\" class=\"yoast-schema-graph\">{\"@context\":\"https:\/\/schema.org\",\"@graph\":[{\"@type\":\"WebPage\",\"@id\":\"https:\/\/www.wpd.de\/windpark-kemnitz\/wissenswertes\/mensch-und-gesundheit\/ausgleichs-und-ersatzmassnahmen\/\",\"url\":\"https:\/\/www.wpd.de\/windpark-kemnitz\/wissenswertes\/mensch-und-gesundheit\/ausgleichs-und-ersatzmassnahmen\/\",\"name\":\"Ausgleichs- und Ersatzma\u00dfnahmen - Windpark Kemnitz Repowering\",\"isPartOf\":{\"@id\":\"https:\/\/www.wpd.de\/windpark-kemnitz\/#website\"},\"primaryImageOfPage\":{\"@id\":\"https:\/\/www.wpd.de\/windpark-kemnitz\/wissenswertes\/mensch-und-gesundheit\/ausgleichs-und-ersatzmassnahmen\/#primaryimage\"},\"image\":{\"@id\":\"https:\/\/www.wpd.de\/windpark-kemnitz\/wissenswertes\/mensch-und-gesundheit\/ausgleichs-und-ersatzmassnahmen\/#primaryimage\"},\"thumbnailUrl\":\"https:\/\/www.wpd.de\/windpark-kemnitz\/wp-content\/uploads\/sites\/12\/2025\/06\/20140602_164925-scaled.jpg\",\"datePublished\":\"2025-05-21T10:06:19+00:00\",\"dateModified\":\"2025-07-18T09:25:00+00:00\",\"breadcrumb\":{\"@id\":\"https:\/\/www.wpd.de\/windpark-kemnitz\/wissenswertes\/mensch-und-gesundheit\/ausgleichs-und-ersatzmassnahmen\/#breadcrumb\"},\"inLanguage\":\"de\",\"potentialAction\":[{\"@type\":\"ReadAction\",\"target\":[\"https:\/\/www.wpd.de\/windpark-kemnitz\/wissenswertes\/mensch-und-gesundheit\/ausgleichs-und-ersatzmassnahmen\/\"]}]},{\"@type\":\"ImageObject\",\"inLanguage\":\"de\",\"@id\":\"https:\/\/www.wpd.de\/windpark-kemnitz\/wissenswertes\/mensch-und-gesundheit\/ausgleichs-und-ersatzmassnahmen\/#primaryimage\",\"url\":\"https:\/\/www.wpd.de\/windpark-kemnitz\/wp-content\/uploads\/sites\/12\/2025\/06\/20140602_164925-scaled.jpg\",\"contentUrl\":\"https:\/\/www.wpd.de\/windpark-kemnitz\/wp-content\/uploads\/sites\/12\/2025\/06\/20140602_164925-scaled.jpg\",\"width\":2560,\"height\":1920},{\"@type\":\"BreadcrumbList\",\"@id\":\"https:\/\/www.wpd.de\/windpark-kemnitz\/wissenswertes\/mensch-und-gesundheit\/ausgleichs-und-ersatzmassnahmen\/#breadcrumb\",\"itemListElement\":[{\"@type\":\"ListItem\",\"position\":1,\"name\":\"Startseite\",\"item\":\"https:\/\/www.wpd.de\/windpark-kemnitz\/\"},{\"@type\":\"ListItem\",\"position\":2,\"name\":\"Wissenswertes\",\"item\":\"https:\/\/www.wpd.de\/windpark-kemnitz\/wissenswertes\/\"},{\"@type\":\"ListItem\",\"position\":3,\"name\":\"Mensch und Gesundheit\",\"item\":\"https:\/\/www.wpd.de\/windpark-kemnitz\/wissenswertes\/mensch-und-gesundheit\/\"},{\"@type\":\"ListItem\",\"position\":4,\"name\":\"Ausgleichs- und Ersatzma\u00dfnahmen\"}]},{\"@type\":\"WebSite\",\"@id\":\"https:\/\/www.wpd.de\/windpark-kemnitz\/#website\",\"url\":\"https:\/\/www.wpd.de\/windpark-kemnitz\/\",\"name\":\"Windpark Kemnitz Repowering\",\"description\":\"Eine weitere wpd.de Websites Website\",\"potentialAction\":[{\"@type\":\"SearchAction\",\"target\":{\"@type\":\"EntryPoint\",\"urlTemplate\":\"https:\/\/www.wpd.de\/windpark-kemnitz\/?s={search_term_string}\"},\"query-input\":{\"@type\":\"PropertyValueSpecification\",\"valueRequired\":true,\"valueName\":\"search_term_string\"}}],\"inLanguage\":\"de\"}]}<\/script>\n<!-- \/ Yoast SEO plugin. -->","yoast_head_json":{"title":"Ausgleichs- und Ersatzma\u00dfnahmen - Windpark Kemnitz Repowering","description":"Windenergieanlagen verursachen grundfl\u00e4chenbezogene Eingriffe, die naturschutzrechtlich bewertet und gehandhabt werden m\u00fcssen. Gem\u00e4\u00df \u00a7\u00a7 13ff. Bundesnaturschutzgesetz m\u00fcssen unvermeidbare Eingriffe dur","robots":{"index":"index","follow":"follow","max-snippet":"max-snippet:-1","max-image-preview":"max-image-preview:large","max-video-preview":"max-video-preview:-1"},"canonical":"https:\/\/www.wpd.de\/windpark-kemnitz\/wissenswertes\/mensch-und-gesundheit\/ausgleichs-und-ersatzmassnahmen\/","og_locale":"de_DE","og_type":"article","og_title":"Ausgleichs- und Ersatzma\u00dfnahmen - Windpark Kemnitz Repowering","og_description":"Windenergieanlagen verursachen grundfl\u00e4chenbezogene Eingriffe, die naturschutzrechtlich bewertet und gehandhabt werden m\u00fcssen. Gem\u00e4\u00df \u00a7\u00a7 13ff. Bundesnaturschutzgesetz m\u00fcssen unvermeidbare Eingriffe dur","og_url":"https:\/\/www.wpd.de\/windpark-kemnitz\/wissenswertes\/mensch-und-gesundheit\/ausgleichs-und-ersatzmassnahmen\/","og_site_name":"Windpark Kemnitz Repowering","article_modified_time":"2025-07-18T09:25:00+00:00","og_image":[{"width":2560,"height":1920,"url":"https:\/\/www.wpd.de\/windpark-kemnitz\/wp-content\/uploads\/sites\/12\/2025\/06\/20140602_164925-scaled.jpg","type":"image\/jpeg"}],"twitter_card":"summary_large_image","schema":{"@context":"https:\/\/schema.org","@graph":[{"@type":"WebPage","@id":"https:\/\/www.wpd.de\/windpark-kemnitz\/wissenswertes\/mensch-und-gesundheit\/ausgleichs-und-ersatzmassnahmen\/","url":"https:\/\/www.wpd.de\/windpark-kemnitz\/wissenswertes\/mensch-und-gesundheit\/ausgleichs-und-ersatzmassnahmen\/","name":"Ausgleichs- und Ersatzma\u00dfnahmen - Windpark Kemnitz Repowering","isPartOf":{"@id":"https:\/\/www.wpd.de\/windpark-kemnitz\/#website"},"primaryImageOfPage":{"@id":"https:\/\/www.wpd.de\/windpark-kemnitz\/wissenswertes\/mensch-und-gesundheit\/ausgleichs-und-ersatzmassnahmen\/#primaryimage"},"image":{"@id":"https:\/\/www.wpd.de\/windpark-kemnitz\/wissenswertes\/mensch-und-gesundheit\/ausgleichs-und-ersatzmassnahmen\/#primaryimage"},"thumbnailUrl":"https:\/\/www.wpd.de\/windpark-kemnitz\/wp-content\/uploads\/sites\/12\/2025\/06\/20140602_164925-scaled.jpg","datePublished":"2025-05-21T10:06:19+00:00","dateModified":"2025-07-18T09:25:00+00:00","breadcrumb":{"@id":"https:\/\/www.wpd.de\/windpark-kemnitz\/wissenswertes\/mensch-und-gesundheit\/ausgleichs-und-ersatzmassnahmen\/#breadcrumb"},"inLanguage":"de","potentialAction":[{"@type":"ReadAction","target":["https:\/\/www.wpd.de\/windpark-kemnitz\/wissenswertes\/mensch-und-gesundheit\/ausgleichs-und-ersatzmassnahmen\/"]}]},{"@type":"ImageObject","inLanguage":"de","@id":"https:\/\/www.wpd.de\/windpark-kemnitz\/wissenswertes\/mensch-und-gesundheit\/ausgleichs-und-ersatzmassnahmen\/#primaryimage","url":"https:\/\/www.wpd.de\/windpark-kemnitz\/wp-content\/uploads\/sites\/12\/2025\/06\/20140602_164925-scaled.jpg","contentUrl":"https:\/\/www.wpd.de\/windpark-kemnitz\/wp-content\/uploads\/sites\/12\/2025\/06\/20140602_164925-scaled.jpg","width":2560,"height":1920},{"@type":"BreadcrumbList","@id":"https:\/\/www.wpd.de\/windpark-kemnitz\/wissenswertes\/mensch-und-gesundheit\/ausgleichs-und-ersatzmassnahmen\/#breadcrumb","itemListElement":[{"@type":"ListItem","position":1,"name":"Startseite","item":"https:\/\/www.wpd.de\/windpark-kemnitz\/"},{"@type":"ListItem","position":2,"name":"Wissenswertes","item":"https:\/\/www.wpd.de\/windpark-kemnitz\/wissenswertes\/"},{"@type":"ListItem","position":3,"name":"Mensch und Gesundheit","item":"https:\/\/www.wpd.de\/windpark-kemnitz\/wissenswertes\/mensch-und-gesundheit\/"},{"@type":"ListItem","position":4,"name":"Ausgleichs- und Ersatzma\u00dfnahmen"}]},{"@type":"WebSite","@id":"https:\/\/www.wpd.de\/windpark-kemnitz\/#website","url":"https:\/\/www.wpd.de\/windpark-kemnitz\/","name":"Windpark Kemnitz Repowering","description":"Eine weitere wpd.de Websites Website","potentialAction":[{"@type":"SearchAction","target":{"@type":"EntryPoint","urlTemplate":"https:\/\/www.wpd.de\/windpark-kemnitz\/?s={search_term_string}"},"query-input":{"@type":"PropertyValueSpecification","valueRequired":true,"valueName":"search_term_string"}}],"inLanguage":"de"}]}},"_links":{"self":[{"href":"https:\/\/www.wpd.de\/windpark-kemnitz\/wp-json\/wp\/v2\/pages\/578","targetHints":{"allow":["GET"]}}],"collection":[{"href":"https:\/\/www.wpd.de\/windpark-kemnitz\/wp-json\/wp\/v2\/pages"}],"about":[{"href":"https:\/\/www.wpd.de\/windpark-kemnitz\/wp-json\/wp\/v2\/types\/page"}],"author":[{"embeddable":true,"href":"https:\/\/www.wpd.de\/windpark-kemnitz\/wp-json\/wp\/v2\/users\/16"}],"replies":[{"embeddable":true,"href":"https:\/\/www.wpd.de\/windpark-kemnitz\/wp-json\/wp\/v2\/comments?post=578"}],"version-history":[{"count":65,"href":"https:\/\/www.wpd.de\/windpark-kemnitz\/wp-json\/wp\/v2\/pages\/578\/revisions"}],"predecessor-version":[{"id":3942,"href":"https:\/\/www.wpd.de\/windpark-kemnitz\/wp-json\/wp\/v2\/pages\/578\/revisions\/3942"}],"up":[{"embeddable":true,"href":"https:\/\/www.wpd.de\/windpark-kemnitz\/wp-json\/wp\/v2\/pages\/1197"}],"wp:featuredmedia":[{"embeddable":true,"href":"https:\/\/www.wpd.de\/windpark-kemnitz\/wp-json\/wp\/v2\/media\/2402"}],"wp:attachment":[{"href":"https:\/\/www.wpd.de\/windpark-kemnitz\/wp-json\/wp\/v2\/media?parent=578"}],"curies":[{"name":"wp","href":"https:\/\/api.w.org\/{rel}","templated":true}]}}