{"id":572,"date":"2025-05-21T12:06:19","date_gmt":"2025-05-21T10:06:19","guid":{"rendered":"https:\/\/www.wpd.de\/windpark-saulheim-partenheim\/?page_id=572"},"modified":"2025-06-18T11:55:37","modified_gmt":"2025-06-18T09:55:37","slug":"flaechenbedarf","status":"publish","type":"page","link":"https:\/\/www.wpd.de\/windpark-kemnitz\/wissenswertes\/mensch-und-gesundheit\/flaechenbedarf\/","title":{"rendered":"Fl\u00e4chenbedarf"},"content":{"rendered":"<p><strong>Zu den dauerhaft \u00fcber die gesamte Betriebszeit einer Windenergieanlage ben\u00f6tigten Fl\u00e4chen geh\u00f6ren das Fundament, die Kranstellfl\u00e4che und die dauerhafte Zufahrt f\u00fcr Wartungs- und Rettungsfahrzeuge.<\/strong><\/p>\n<p><strong>Dazu kommen die f\u00fcr den Zeitraum der Errichtung erforderlichen Lager-, Baustelleneinrichtungs- und Montagefl\u00e4chen sowie die v. a. in den Kurvenbereichen erweiterten Zufahrtswege f\u00fcr die Anlieferung der Anlagenteile auf Schwerlasttransportern.<\/strong><\/p>\n<p>&nbsp;<\/p>\n<p><strong>Alle tempor\u00e4r ben\u00f6tigten Fl\u00e4chen werden nach Errichtung der Windenergieanlagen wieder zur\u00fcckgebaut, ggf. Fl\u00e4chen wie Heckenstreifen oder kleinere Feldgeh\u00f6lze mit standortgem\u00e4\u00dfen und m\u00f6glichst gegen\u00fcber dem Klimawandel angepassten Arten wieder aufgeforstet oder der nat\u00fcrlichen Vegetationsentwicklung \u00fcberlassen. F\u00fcr alle dauerhaft ben\u00f6tigten Fl\u00e4chen ist zum Ausgleich der Eingriffe in den Naturhaushalt Kompensation gem\u00e4\u00df den Landesvorgaben zu leisten.<\/strong><\/p>\n<p><strong>\u00c4hnliche Zahlen f\u00fcr den Fl\u00e4chenbedarf nennt auch die Landesregierung NRW im Rahmen einer Anfrage aus dem Landtag f\u00fcr den Bau von Windenergieanlagen im Wald<sup>1<\/sup>. Demnach wurden f\u00fcr den Bau einer Windenergieanlage in NRW durchschnittlich 0,3 ha Wald dauerhaft umgewandelt, dazu bis zu 0,45 ha tempor\u00e4r, die nach Abschluss der Arbeiten werden.<\/strong><\/p>\n<p><strong><sup>1<\/sup>\u00a0Landtag Nordrhein-Westfalen (2018): Antwort der Landesregierung auf die Kleine Anfrage 1070 vom 18. Mai 2018 der Abgeordneten Wibke Brems B\u00dcNDNIS 90\/DIE GR\u00dcNEN, Drs. 17\/2678 vom 04.07.2018. online unter:<a href=\"https:\/\/www.landtag.nrw.de\/Dokumentenservice\/portal\/WWW\/dokumentenarchiv\/Dokument\/MMD17-3045.pdf;jsessionid=249CF55F8E441F99DA7CD308E3D4D0B3\">https:\/\/www.landtag.nrw.de\/Dokumentenservice\/portal\/WWW\/dokumentenarchiv\/Dokument\/MMD17-3045.pdf;jsessionid=249CF55F8E441F99DA7CD308E3D4D0B3<\/a>., abgerufen am 20.08.2021<\/strong><\/p>\n<p>&nbsp;<\/p>\n","protected":false},"excerpt":{"rendered":"a:1:{i:0;s:0:&#8220;&#8220;;} Fl\u00e4chenbedarf eines Windparks Der <strong>dauerhafte Fl\u00e4chenbedarf<\/strong> moderner Anlagen umfasst die <strong>Sockelfl\u00e4che und das Fundament<\/strong> (ca. 700 m\u00b2 pro Anlage). Die <strong>Kranstellfl\u00e4che<\/strong> betr\u00e4gt etwa <strong>2.000 m\u00b2<\/strong> und kann nach Kranabbau anderweitig genutzt werden (z. B. zur Holzlagerung).\r\n\r\nDie <strong>Zufahrtsstra\u00dfe<\/strong> ist ca. <strong>5 Meter breit<\/strong>; meist k\u00f6nnen vorhandene Wege genutzt und bei Bedarf ausgebaut werden. Insgesamt k\u00f6nnen etwa <strong>26.000 m\u00b2<\/strong> Fl\u00e4che f\u00fcr Zufahrten angenommen werden.\r\n\r\nDie <strong>Rotor\u00fcberstreichfl\u00e4che<\/strong> betr\u00e4gt ca. <strong>20.600 m\u00b2<\/strong>. Diese\u00a0muss aber nicht freigehalten und kann neben der Anlage weiter landwirtschaftlich genutzt werden.\r\n\r\nZwischen den Anlagen sind <strong>Abst\u00e4nde einzuhalten, <\/strong>um eine gegenseitige Beeinflussung der Anlagen so gering wie m\u00f6glich zu halten. Diese Fl\u00e4chen k\u00f6nnen jedoch <strong>weiterhin land- oder forstwirtschaftlich genutzt werden.<\/strong>\r\n\r\nF\u00fcr die Fl\u00e4chennutzung sind stets <a href=\"https:\/\/www.wpd.de\/windpark-kemnitz\/wissenswertes\/natur-und-artenschutz\/ausgleichs-und-ersatzmassnahmen\/\"><strong>Ausgleichs- und Ersatzma\u00dfnahmen<\/strong><\/a> erforderlich (z. B. in Form von Biotopen oder Aufforstungen). weiss    a:1:{i:0;s:11:&#8220;text-normal&#8220;;}        kein_schmuck 0 ","protected":false},"author":16,"featured_media":2223,"parent":1197,"menu_order":10,"comment_status":"closed","ping_status":"closed","template":"template-flexible-contents.php","meta":{"_acf_changed":false,"footnotes":""},"class_list":["post-572","page","type-page","status-publish","has-post-thumbnail","hentry"],"acf":[],"yoast_head":"<!-- This site is optimized with the Yoast SEO plugin v25.4 - https:\/\/yoast.com\/wordpress\/plugins\/seo\/ -->\n<title>Fl\u00e4chenbedarf - Windpark Kemnitz Repowering<\/title>\n<meta name=\"description\" content=\"Der dauerhafte Fl\u00e4chenbedarf moderner Anlagen umfasst die Sockelfl\u00e4che und das Fundament (ca. 700 m\u00b2 pro Anlage). Die Kranstellfl\u00e4che betr\u00e4gt etwa 2.000 m\u00b2 und kann nach Kra\" \/>\n<meta name=\"robots\" content=\"index, follow, max-snippet:-1, max-image-preview:large, max-video-preview:-1\" \/>\n<link rel=\"canonical\" href=\"https:\/\/www.wpd.de\/windpark-kemnitz\/wissenswertes\/mensch-und-gesundheit\/flaechenbedarf\/\" \/>\n<meta property=\"og:locale\" content=\"de_DE\" \/>\n<meta property=\"og:type\" content=\"article\" \/>\n<meta property=\"og:title\" content=\"Fl\u00e4chenbedarf - Windpark Kemnitz Repowering\" \/>\n<meta property=\"og:description\" content=\"Der dauerhafte Fl\u00e4chenbedarf moderner Anlagen umfasst die Sockelfl\u00e4che und das Fundament (ca. 700 m\u00b2 pro Anlage). Die Kranstellfl\u00e4che betr\u00e4gt etwa 2.000 m\u00b2 und kann nach Kra\" \/>\n<meta property=\"og:url\" content=\"https:\/\/www.wpd.de\/windpark-kemnitz\/wissenswertes\/mensch-und-gesundheit\/flaechenbedarf\/\" \/>\n<meta property=\"og:site_name\" content=\"Windpark Kemnitz Repowering\" \/>\n<meta property=\"article:modified_time\" content=\"2025-06-18T09:55:37+00:00\" \/>\n<meta property=\"og:image\" content=\"https:\/\/www.wpd.de\/windpark-kemnitz\/wp-content\/uploads\/sites\/12\/2025\/06\/Seubersdorf-02a_zug-scaled.jpg\" \/>\n\t<meta property=\"og:image:width\" content=\"2560\" \/>\n\t<meta property=\"og:image:height\" content=\"1159\" \/>\n\t<meta property=\"og:image:type\" content=\"image\/jpeg\" \/>\n<meta name=\"twitter:card\" content=\"summary_large_image\" \/>\n<meta name=\"twitter:label1\" content=\"Gesch\u00e4tzte Lesezeit\" \/>\n\t<meta name=\"twitter:data1\" content=\"1\u00a0Minute\" \/>\n<script type=\"application\/ld+json\" class=\"yoast-schema-graph\">{\"@context\":\"https:\/\/schema.org\",\"@graph\":[{\"@type\":\"WebPage\",\"@id\":\"https:\/\/www.wpd.de\/windpark-kemnitz\/wissenswertes\/mensch-und-gesundheit\/flaechenbedarf\/\",\"url\":\"https:\/\/www.wpd.de\/windpark-kemnitz\/wissenswertes\/mensch-und-gesundheit\/flaechenbedarf\/\",\"name\":\"Fl\u00e4chenbedarf - Windpark Kemnitz Repowering\",\"isPartOf\":{\"@id\":\"https:\/\/www.wpd.de\/windpark-kemnitz\/#website\"},\"primaryImageOfPage\":{\"@id\":\"https:\/\/www.wpd.de\/windpark-kemnitz\/wissenswertes\/mensch-und-gesundheit\/flaechenbedarf\/#primaryimage\"},\"image\":{\"@id\":\"https:\/\/www.wpd.de\/windpark-kemnitz\/wissenswertes\/mensch-und-gesundheit\/flaechenbedarf\/#primaryimage\"},\"thumbnailUrl\":\"https:\/\/www.wpd.de\/windpark-kemnitz\/wp-content\/uploads\/sites\/12\/2025\/06\/Seubersdorf-02a_zug-scaled.jpg\",\"datePublished\":\"2025-05-21T10:06:19+00:00\",\"dateModified\":\"2025-06-18T09:55:37+00:00\",\"breadcrumb\":{\"@id\":\"https:\/\/www.wpd.de\/windpark-kemnitz\/wissenswertes\/mensch-und-gesundheit\/flaechenbedarf\/#breadcrumb\"},\"inLanguage\":\"de\",\"potentialAction\":[{\"@type\":\"ReadAction\",\"target\":[\"https:\/\/www.wpd.de\/windpark-kemnitz\/wissenswertes\/mensch-und-gesundheit\/flaechenbedarf\/\"]}]},{\"@type\":\"ImageObject\",\"inLanguage\":\"de\",\"@id\":\"https:\/\/www.wpd.de\/windpark-kemnitz\/wissenswertes\/mensch-und-gesundheit\/flaechenbedarf\/#primaryimage\",\"url\":\"https:\/\/www.wpd.de\/windpark-kemnitz\/wp-content\/uploads\/sites\/12\/2025\/06\/Seubersdorf-02a_zug-scaled.jpg\",\"contentUrl\":\"https:\/\/www.wpd.de\/windpark-kemnitz\/wp-content\/uploads\/sites\/12\/2025\/06\/Seubersdorf-02a_zug-scaled.jpg\",\"width\":2560,\"height\":1159},{\"@type\":\"BreadcrumbList\",\"@id\":\"https:\/\/www.wpd.de\/windpark-kemnitz\/wissenswertes\/mensch-und-gesundheit\/flaechenbedarf\/#breadcrumb\",\"itemListElement\":[{\"@type\":\"ListItem\",\"position\":1,\"name\":\"Startseite\",\"item\":\"https:\/\/www.wpd.de\/windpark-kemnitz\/\"},{\"@type\":\"ListItem\",\"position\":2,\"name\":\"Wissenswertes\",\"item\":\"https:\/\/www.wpd.de\/windpark-kemnitz\/wissenswertes\/\"},{\"@type\":\"ListItem\",\"position\":3,\"name\":\"Mensch und Gesundheit\",\"item\":\"https:\/\/www.wpd.de\/windpark-kemnitz\/wissenswertes\/mensch-und-gesundheit\/\"},{\"@type\":\"ListItem\",\"position\":4,\"name\":\"Fl\u00e4chenbedarf\"}]},{\"@type\":\"WebSite\",\"@id\":\"https:\/\/www.wpd.de\/windpark-kemnitz\/#website\",\"url\":\"https:\/\/www.wpd.de\/windpark-kemnitz\/\",\"name\":\"Windpark Kemnitz Repowering\",\"description\":\"Eine weitere wpd.de Websites Website\",\"potentialAction\":[{\"@type\":\"SearchAction\",\"target\":{\"@type\":\"EntryPoint\",\"urlTemplate\":\"https:\/\/www.wpd.de\/windpark-kemnitz\/?s={search_term_string}\"},\"query-input\":{\"@type\":\"PropertyValueSpecification\",\"valueRequired\":true,\"valueName\":\"search_term_string\"}}],\"inLanguage\":\"de\"}]}<\/script>\n<!-- \/ Yoast SEO plugin. -->","yoast_head_json":{"title":"Fl\u00e4chenbedarf - Windpark Kemnitz Repowering","description":"Der dauerhafte Fl\u00e4chenbedarf moderner Anlagen umfasst die Sockelfl\u00e4che und das Fundament (ca. 700 m\u00b2 pro Anlage). Die Kranstellfl\u00e4che betr\u00e4gt etwa 2.000 m\u00b2 und kann nach Kra","robots":{"index":"index","follow":"follow","max-snippet":"max-snippet:-1","max-image-preview":"max-image-preview:large","max-video-preview":"max-video-preview:-1"},"canonical":"https:\/\/www.wpd.de\/windpark-kemnitz\/wissenswertes\/mensch-und-gesundheit\/flaechenbedarf\/","og_locale":"de_DE","og_type":"article","og_title":"Fl\u00e4chenbedarf - Windpark Kemnitz Repowering","og_description":"Der dauerhafte Fl\u00e4chenbedarf moderner Anlagen umfasst die Sockelfl\u00e4che und das Fundament (ca. 700 m\u00b2 pro Anlage). Die Kranstellfl\u00e4che betr\u00e4gt etwa 2.000 m\u00b2 und kann nach Kra","og_url":"https:\/\/www.wpd.de\/windpark-kemnitz\/wissenswertes\/mensch-und-gesundheit\/flaechenbedarf\/","og_site_name":"Windpark Kemnitz Repowering","article_modified_time":"2025-06-18T09:55:37+00:00","og_image":[{"width":2560,"height":1159,"url":"https:\/\/www.wpd.de\/windpark-kemnitz\/wp-content\/uploads\/sites\/12\/2025\/06\/Seubersdorf-02a_zug-scaled.jpg","type":"image\/jpeg"}],"twitter_card":"summary_large_image","twitter_misc":{"Gesch\u00e4tzte Lesezeit":"1\u00a0Minute"},"schema":{"@context":"https:\/\/schema.org","@graph":[{"@type":"WebPage","@id":"https:\/\/www.wpd.de\/windpark-kemnitz\/wissenswertes\/mensch-und-gesundheit\/flaechenbedarf\/","url":"https:\/\/www.wpd.de\/windpark-kemnitz\/wissenswertes\/mensch-und-gesundheit\/flaechenbedarf\/","name":"Fl\u00e4chenbedarf - Windpark Kemnitz Repowering","isPartOf":{"@id":"https:\/\/www.wpd.de\/windpark-kemnitz\/#website"},"primaryImageOfPage":{"@id":"https:\/\/www.wpd.de\/windpark-kemnitz\/wissenswertes\/mensch-und-gesundheit\/flaechenbedarf\/#primaryimage"},"image":{"@id":"https:\/\/www.wpd.de\/windpark-kemnitz\/wissenswertes\/mensch-und-gesundheit\/flaechenbedarf\/#primaryimage"},"thumbnailUrl":"https:\/\/www.wpd.de\/windpark-kemnitz\/wp-content\/uploads\/sites\/12\/2025\/06\/Seubersdorf-02a_zug-scaled.jpg","datePublished":"2025-05-21T10:06:19+00:00","dateModified":"2025-06-18T09:55:37+00:00","breadcrumb":{"@id":"https:\/\/www.wpd.de\/windpark-kemnitz\/wissenswertes\/mensch-und-gesundheit\/flaechenbedarf\/#breadcrumb"},"inLanguage":"de","potentialAction":[{"@type":"ReadAction","target":["https:\/\/www.wpd.de\/windpark-kemnitz\/wissenswertes\/mensch-und-gesundheit\/flaechenbedarf\/"]}]},{"@type":"ImageObject","inLanguage":"de","@id":"https:\/\/www.wpd.de\/windpark-kemnitz\/wissenswertes\/mensch-und-gesundheit\/flaechenbedarf\/#primaryimage","url":"https:\/\/www.wpd.de\/windpark-kemnitz\/wp-content\/uploads\/sites\/12\/2025\/06\/Seubersdorf-02a_zug-scaled.jpg","contentUrl":"https:\/\/www.wpd.de\/windpark-kemnitz\/wp-content\/uploads\/sites\/12\/2025\/06\/Seubersdorf-02a_zug-scaled.jpg","width":2560,"height":1159},{"@type":"BreadcrumbList","@id":"https:\/\/www.wpd.de\/windpark-kemnitz\/wissenswertes\/mensch-und-gesundheit\/flaechenbedarf\/#breadcrumb","itemListElement":[{"@type":"ListItem","position":1,"name":"Startseite","item":"https:\/\/www.wpd.de\/windpark-kemnitz\/"},{"@type":"ListItem","position":2,"name":"Wissenswertes","item":"https:\/\/www.wpd.de\/windpark-kemnitz\/wissenswertes\/"},{"@type":"ListItem","position":3,"name":"Mensch und Gesundheit","item":"https:\/\/www.wpd.de\/windpark-kemnitz\/wissenswertes\/mensch-und-gesundheit\/"},{"@type":"ListItem","position":4,"name":"Fl\u00e4chenbedarf"}]},{"@type":"WebSite","@id":"https:\/\/www.wpd.de\/windpark-kemnitz\/#website","url":"https:\/\/www.wpd.de\/windpark-kemnitz\/","name":"Windpark Kemnitz Repowering","description":"Eine weitere wpd.de Websites Website","potentialAction":[{"@type":"SearchAction","target":{"@type":"EntryPoint","urlTemplate":"https:\/\/www.wpd.de\/windpark-kemnitz\/?s={search_term_string}"},"query-input":{"@type":"PropertyValueSpecification","valueRequired":true,"valueName":"search_term_string"}}],"inLanguage":"de"}]}},"_links":{"self":[{"href":"https:\/\/www.wpd.de\/windpark-kemnitz\/wp-json\/wp\/v2\/pages\/572","targetHints":{"allow":["GET"]}}],"collection":[{"href":"https:\/\/www.wpd.de\/windpark-kemnitz\/wp-json\/wp\/v2\/pages"}],"about":[{"href":"https:\/\/www.wpd.de\/windpark-kemnitz\/wp-json\/wp\/v2\/types\/page"}],"author":[{"embeddable":true,"href":"https:\/\/www.wpd.de\/windpark-kemnitz\/wp-json\/wp\/v2\/users\/16"}],"replies":[{"embeddable":true,"href":"https:\/\/www.wpd.de\/windpark-kemnitz\/wp-json\/wp\/v2\/comments?post=572"}],"version-history":[{"count":21,"href":"https:\/\/www.wpd.de\/windpark-kemnitz\/wp-json\/wp\/v2\/pages\/572\/revisions"}],"predecessor-version":[{"id":3405,"href":"https:\/\/www.wpd.de\/windpark-kemnitz\/wp-json\/wp\/v2\/pages\/572\/revisions\/3405"}],"up":[{"embeddable":true,"href":"https:\/\/www.wpd.de\/windpark-kemnitz\/wp-json\/wp\/v2\/pages\/1197"}],"wp:featuredmedia":[{"embeddable":true,"href":"https:\/\/www.wpd.de\/windpark-kemnitz\/wp-json\/wp\/v2\/media\/2223"}],"wp:attachment":[{"href":"https:\/\/www.wpd.de\/windpark-kemnitz\/wp-json\/wp\/v2\/media?parent=572"}],"curies":[{"name":"wp","href":"https:\/\/api.w.org\/{rel}","templated":true}]}}