{"id":3612,"date":"2025-07-16T13:10:37","date_gmt":"2025-07-16T11:10:37","guid":{"rendered":"https:\/\/www.wpd.de\/windpark-kemnitz\/?page_id=3612"},"modified":"2025-07-25T11:56:19","modified_gmt":"2025-07-25T09:56:19","slug":"aktueller-planungsstand","status":"publish","type":"page","link":"https:\/\/www.wpd.de\/windpark-kemnitz\/planung\/aktueller-planungsstand\/","title":{"rendered":"Aktueller Planungsstand"},"content":{"rendered":"","protected":false},"excerpt":{"rendered":"a:3:{i:0;s:11:&#8220;text-normal&#8220;;i:1;s:11:&#8220;text-normal&#8220;;i:2;s:11:&#8220;text-normal&#8220;;} a:1:{i:0;s:4:&#8220;3847&#8243;;}    a:1:{i:0;s:0:&#8220;&#8220;;}  Aktueller Planungsstand  7 Megawatt ist die durchschnittliche Leistungskapazit\u00e4t neu errichteter moderner Wind-Energie-Anlagen (WEA) im Jahr 2025. Das ist doppelt so viel wie im Jahr 2020. Erreicht wird diese Steigerung durch eine gr\u00f6\u00dfere Rotorfl\u00e4che und durch die Ausnutzung der Windstr\u00f6mung in gr\u00f6\u00dferen H\u00f6hen.\r\n\r\nDie folgenden WEA-Typen werden beim Repowering im Windpark Kemnitz geplant:\r\n<ul>\r\n \t<li>7 x Nordex N175, Turmh\u00f6he 179 m, Rotordurchmesser 175 m, Leistung 6,8 MW<\/li>\r\n \t<li>1 x Nordex N163, Turmh\u00f6he 164 m, Rotordurchmesser 163 m, Leistung 7,0 MW<\/li>\r\n \t<li>1 x Nordex N149, Turmh\u00f6he 164 m, Rotordurchmesser 149 m, Leistung 5,7 MW<\/li>\r\n<\/ul>\r\nEs wurde ein Genehmigungsantrag beim Landesamt f\u00fcr Umwelt f\u00fcr den R\u00fcckbau der zehn Altanlagen und die Errichtung und den Betrieb von den neun neuen Windenergieanlagen gestellt.     kein_schmuck weiss 0  Genehmigungsverfahren  Wie eine Industrieanlage, ben\u00f6tigt auch eine Windenergieanlage (WEA) eine Genehmigung nach dem Bundes-Immissionsschutz-Gesetz (BImSchG). F\u00fcr die Genehmigung sind zahlreiche Gutachten erforderlich, die den Schutz von Mensch und Natur sicherstellen sollen. Dazu geh\u00f6rt auch die Berechnung der Schall- und Schattensituation f\u00fcr die Anwohner. In der Genehmigung werden neben der Anzahl der Windr\u00e4der und deren Standorte auch Ausgleichs- und Ersatzma\u00dfnahmen f\u00fcr den Naturschutz festgelegt. Au\u00dferdem wird festgeschrieben, ob die WEA mit einer Schatten-Abschaltautomatik ausgestattet werden m\u00fcssen und in welchem Betriebsmodus sie betrieben werden d\u00fcrfen, um die Schall-Grenzwerte einzuhalten.     woelbung_nach_oben dunkelblau 0  Zusammenarbeit mit der Stadt  Wie auf der Seite &#8222;Planungsgrundlagen&#8220; beschrieben, steht die H\u00f6henbeschr\u00e4nkung im Fl\u00e4chennutzungsplan der Stadt unserem Vorhaben aktuell entgegen. Trotzdem kann die Stadt Pritzwalk bei der Beteiligung im Rahmen des Genehmigungsverfahrens ihre Zustimmung zum Vorhaben erteilen. Dazu gibt es zwei verschiedene M\u00f6glichkeiten, f\u00fcr die wir eine juristische Pr\u00fcfung in Auftrag gegeben haben und die zum folgenden Ergebnis kommt:\r\n\r\n<ul><li>\r\nDie Stadt kann dem Vorhaben zustimmen und parallel dazu eine \u00c4nderung des Fl\u00e4chennutzungsplanes zur Aufhebung der H\u00f6henbegrenzung starten. <\/li>\r\n<\/ul>\r\n<ul> \r\n<li>\r\nDie Stadt kann dem Vorhaben auch <strong>ohne die \u00c4nderung des Fl\u00e4chennutzungsplanes<\/strong> zustimmen! Es droht kein Wildwuchs und der Fl\u00e4chennutzungsplan muss daf\u00fcr nicht ver\u00e4ndert werden.<\/ul> \r\n<\/li>\r\n\r\nDiese zweite M\u00f6glichkeit erfolgt \u00fcber eine &#8222;Abw\u00e4gung im Einzelfall&#8220; und funktioniert so:\r\n\r\nIm Genehmigungsverfahren zum Windvorhaben k\u00f6nnen \u00f6ffentliche Belange, die dem Vorhaben entgegenstehen, abgewogen werden. Bei einer Abw\u00e4gung werden die Interessen an dem \u00f6ffentlichen Belang den Interessen des Vorhabens gegen\u00fcbergestellt. In unserem Fall ist die H\u00f6henbeschr\u00e4nkung im Fl\u00e4chennutzungsplan ein \u00f6ffentlicher Belang, der dem Vorhaben aktuell entgegensteht. Nun wird das Interesse an der H\u00f6henbeschr\u00e4nkung dem Interesse des Vorhabens gegen\u00fcbergestellt und gegeneinander abgewogen. \r\n\r\nDie juristische Pr\u00fcfung hat ergeben, dass das Interesse an der H\u00f6henbeschr\u00e4nkung in diesem konkreten Fall nicht das Interesse des geplanten Vorhabens \u00fcberwiegt. Die Gr\u00fcnde daf\u00fcr sind:  \r\n\r\n<strong>1) Darstellungen sind zeitlich \u00fcberholt<\/strong>\r\n\r\nEntscheidend f\u00fcr die Gewichtung des Interesses an der H\u00f6henbeschr\u00e4nkung ist u.a. das Alter des Fl\u00e4chennutzungsplanes. Darstellungen im FNP k\u00f6nnen keine Rechtswirkungen mehr erzeugen, wenn sie seit Inkrafttreten durch die zwischenzeitliche Entwicklung \u00fcberholt sind. Das ist hier der Fall, da sich die Windenergienutzung seit dem Inkrafttreten des FNP in 2012 massiv ver\u00e4ndert hat. \r\n\r\n<strong>2) Keine gesteigerte Beeintr\u00e4chtigung des Landschaftsbildes durch Nachtkennzeichnung<\/strong>\r\n\r\nIm FNP wird die H\u00f6henbeschr\u00e4nkung auf 100 m damit begr\u00fcndet, dass WEA ab einer Gesamth\u00f6he von 100 m mit einer Befeuerung (&#8222;Blinken&#8220;) ausgestattet werden m\u00fcssen und es im Dunkeln zu einer gesteigerten Beeintr\u00e4chtigung des Landschaftsbildes kommt, wenn WEA mit einer Gesamth\u00f6he von &gt; 100 m errichtet werden und man einen gr\u00f6\u00dferen Abstand zu diesen gr\u00f6\u00dferen WEA m\u00f6chte. Diese Begr\u00fcndung ist hinf\u00e4llig, weil neue WEA ab Inbetriebnahme mit einer sogen. &#8222;bedarfsgesteuerten Nachtkennzeichnung&#8220; (BNK) ausgestattet werden m\u00fcssen, die im Dunkeln nur eingeschaltet wird, wenn sich ein Flugobjekt n\u00e4hert. Der Schutzzweck der H\u00f6henbeschr\u00e4nkung ist daher durch die technische Entwicklung und den Einsatz der BNK entfallen.\r\n\r\n<strong>3) Verhinderungsplanung<\/strong>\r\n\r\nAls letzter Grund wird angef\u00fchrt, dass eine H\u00f6henbeschr\u00e4nkung auf 100 m Gesamth\u00f6he dazu f\u00fchrt, dass die Errichtung von WEA praktisch aus wirtschaftlichen Gr\u00fcnden ausgeschlossen wird. Bereits im Jahr 2021 hatten markt\u00fcbliche und konkurrenzf\u00e4hige WEA eine durchschnittliche Gesamth\u00f6he von 206 m. Die H\u00f6henbeschr\u00e4nkung im FNP verhindert die Nutzbarkeit der Fl\u00e4che f\u00fcr die Windenergie, was jedoch dem planerischen Willen der Gemeinde entgegensteht, der Windenergienutzung ausreichend Raum zu geben, wie es in der Begr\u00fcndung zum FNP der Stadt Pritzwalk hei\u00dft. \r\n\r\nZusammengefasst mangelt es an \u00fcberragend wichtigen Gr\u00fcnden, um die Genehmigung im Rahmen der Abw\u00e4gung aufgrund der H\u00f6henbeschr\u00e4nkung im FNP zu versagen. <\/li>\r\n\r\nBei Interesse an dieser Thematik melden Sie sich gerne bei uns!     kein_schmuck weiss 0 0 Festlegung der Immissionsorte in den umliegenden Ortsteilen zweidritteltext 0 rechts Link zu den Immissionsorten ","protected":false},"author":36,"featured_media":2471,"parent":470,"menu_order":2,"comment_status":"closed","ping_status":"closed","template":"template-flexible-contents.php","meta":{"_acf_changed":false,"footnotes":""},"class_list":["post-3612","page","type-page","status-publish","has-post-thumbnail","hentry"],"acf":[],"yoast_head":"<!-- This site is optimized with the Yoast SEO plugin v25.4 - https:\/\/yoast.com\/wordpress\/plugins\/seo\/ -->\n<title>Aktueller Planungsstand - Windpark Kemnitz Repowering<\/title>\n<meta name=\"description\" content=\"7 Megawatt ist die durchschnittliche Leistungskapazit\u00e4t neu errichteter moderner Wind-Energie-Anlagen (WEA) im Jahr 2025. Das ist doppelt so viel wie im Jahr 2020. Erreicht wird diese Steigerung durch eine gr\u00f6\u00dfere Rotorfl\u00e4che und durch die A\" \/>\n<meta name=\"robots\" content=\"index, follow, max-snippet:-1, max-image-preview:large, max-video-preview:-1\" \/>\n<link rel=\"canonical\" href=\"https:\/\/www.wpd.de\/windpark-kemnitz\/planung\/aktueller-planungsstand\/\" \/>\n<meta property=\"og:locale\" content=\"de_DE\" \/>\n<meta property=\"og:type\" content=\"article\" \/>\n<meta property=\"og:title\" content=\"Aktueller Planungsstand - Windpark Kemnitz Repowering\" \/>\n<meta property=\"og:description\" content=\"7 Megawatt ist die durchschnittliche Leistungskapazit\u00e4t neu errichteter moderner Wind-Energie-Anlagen (WEA) im Jahr 2025. Das ist doppelt so viel wie im Jahr 2020. Erreicht wird diese Steigerung durch eine gr\u00f6\u00dfere Rotorfl\u00e4che und durch die A\" \/>\n<meta property=\"og:url\" content=\"https:\/\/www.wpd.de\/windpark-kemnitz\/planung\/aktueller-planungsstand\/\" \/>\n<meta property=\"og:site_name\" content=\"Windpark Kemnitz Repowering\" \/>\n<meta property=\"article:modified_time\" content=\"2025-07-25T09:56:19+00:00\" \/>\n<meta property=\"og:image\" content=\"https:\/\/www.wpd.de\/windpark-kemnitz\/wp-content\/uploads\/sites\/12\/2025\/06\/wpd_PotsdamBuero_006-scaled-e1749819418927.jpg\" \/>\n\t<meta property=\"og:image:width\" content=\"1984\" \/>\n\t<meta property=\"og:image:height\" content=\"1984\" \/>\n\t<meta property=\"og:image:type\" content=\"image\/jpeg\" \/>\n<meta name=\"twitter:card\" content=\"summary_large_image\" \/>\n<script type=\"application\/ld+json\" class=\"yoast-schema-graph\">{\"@context\":\"https:\/\/schema.org\",\"@graph\":[{\"@type\":\"WebPage\",\"@id\":\"https:\/\/www.wpd.de\/windpark-kemnitz\/planung\/aktueller-planungsstand\/\",\"url\":\"https:\/\/www.wpd.de\/windpark-kemnitz\/planung\/aktueller-planungsstand\/\",\"name\":\"Aktueller Planungsstand - Windpark Kemnitz Repowering\",\"isPartOf\":{\"@id\":\"https:\/\/www.wpd.de\/windpark-kemnitz\/#website\"},\"primaryImageOfPage\":{\"@id\":\"https:\/\/www.wpd.de\/windpark-kemnitz\/planung\/aktueller-planungsstand\/#primaryimage\"},\"image\":{\"@id\":\"https:\/\/www.wpd.de\/windpark-kemnitz\/planung\/aktueller-planungsstand\/#primaryimage\"},\"thumbnailUrl\":\"https:\/\/www.wpd.de\/windpark-kemnitz\/wp-content\/uploads\/sites\/12\/2025\/06\/wpd_PotsdamBuero_006-scaled-e1749819418927.jpg\",\"datePublished\":\"2025-07-16T11:10:37+00:00\",\"dateModified\":\"2025-07-25T09:56:19+00:00\",\"breadcrumb\":{\"@id\":\"https:\/\/www.wpd.de\/windpark-kemnitz\/planung\/aktueller-planungsstand\/#breadcrumb\"},\"inLanguage\":\"de\",\"potentialAction\":[{\"@type\":\"ReadAction\",\"target\":[\"https:\/\/www.wpd.de\/windpark-kemnitz\/planung\/aktueller-planungsstand\/\"]}]},{\"@type\":\"ImageObject\",\"inLanguage\":\"de\",\"@id\":\"https:\/\/www.wpd.de\/windpark-kemnitz\/planung\/aktueller-planungsstand\/#primaryimage\",\"url\":\"https:\/\/www.wpd.de\/windpark-kemnitz\/wp-content\/uploads\/sites\/12\/2025\/06\/wpd_PotsdamBuero_006-scaled-e1749819418927.jpg\",\"contentUrl\":\"https:\/\/www.wpd.de\/windpark-kemnitz\/wp-content\/uploads\/sites\/12\/2025\/06\/wpd_PotsdamBuero_006-scaled-e1749819418927.jpg\",\"width\":1984,\"height\":1984},{\"@type\":\"BreadcrumbList\",\"@id\":\"https:\/\/www.wpd.de\/windpark-kemnitz\/planung\/aktueller-planungsstand\/#breadcrumb\",\"itemListElement\":[{\"@type\":\"ListItem\",\"position\":1,\"name\":\"Startseite\",\"item\":\"https:\/\/www.wpd.de\/windpark-kemnitz\/\"},{\"@type\":\"ListItem\",\"position\":2,\"name\":\"Planung\",\"item\":\"https:\/\/www.wpd.de\/windpark-kemnitz\/planung\/\"},{\"@type\":\"ListItem\",\"position\":3,\"name\":\"Aktueller Planungsstand\"}]},{\"@type\":\"WebSite\",\"@id\":\"https:\/\/www.wpd.de\/windpark-kemnitz\/#website\",\"url\":\"https:\/\/www.wpd.de\/windpark-kemnitz\/\",\"name\":\"Windpark Kemnitz Repowering\",\"description\":\"Eine weitere wpd.de Websites Website\",\"potentialAction\":[{\"@type\":\"SearchAction\",\"target\":{\"@type\":\"EntryPoint\",\"urlTemplate\":\"https:\/\/www.wpd.de\/windpark-kemnitz\/?s={search_term_string}\"},\"query-input\":{\"@type\":\"PropertyValueSpecification\",\"valueRequired\":true,\"valueName\":\"search_term_string\"}}],\"inLanguage\":\"de\"}]}<\/script>\n<!-- \/ Yoast SEO plugin. -->","yoast_head_json":{"title":"Aktueller Planungsstand - Windpark Kemnitz Repowering","description":"7 Megawatt ist die durchschnittliche Leistungskapazit\u00e4t neu errichteter moderner Wind-Energie-Anlagen (WEA) im Jahr 2025. Das ist doppelt so viel wie im Jahr 2020. Erreicht wird diese Steigerung durch eine gr\u00f6\u00dfere Rotorfl\u00e4che und durch die A","robots":{"index":"index","follow":"follow","max-snippet":"max-snippet:-1","max-image-preview":"max-image-preview:large","max-video-preview":"max-video-preview:-1"},"canonical":"https:\/\/www.wpd.de\/windpark-kemnitz\/planung\/aktueller-planungsstand\/","og_locale":"de_DE","og_type":"article","og_title":"Aktueller Planungsstand - Windpark Kemnitz Repowering","og_description":"7 Megawatt ist die durchschnittliche Leistungskapazit\u00e4t neu errichteter moderner Wind-Energie-Anlagen (WEA) im Jahr 2025. Das ist doppelt so viel wie im Jahr 2020. Erreicht wird diese Steigerung durch eine gr\u00f6\u00dfere Rotorfl\u00e4che und durch die A","og_url":"https:\/\/www.wpd.de\/windpark-kemnitz\/planung\/aktueller-planungsstand\/","og_site_name":"Windpark Kemnitz Repowering","article_modified_time":"2025-07-25T09:56:19+00:00","og_image":[{"width":1984,"height":1984,"url":"https:\/\/www.wpd.de\/windpark-kemnitz\/wp-content\/uploads\/sites\/12\/2025\/06\/wpd_PotsdamBuero_006-scaled-e1749819418927.jpg","type":"image\/jpeg"}],"twitter_card":"summary_large_image","schema":{"@context":"https:\/\/schema.org","@graph":[{"@type":"WebPage","@id":"https:\/\/www.wpd.de\/windpark-kemnitz\/planung\/aktueller-planungsstand\/","url":"https:\/\/www.wpd.de\/windpark-kemnitz\/planung\/aktueller-planungsstand\/","name":"Aktueller Planungsstand - Windpark Kemnitz Repowering","isPartOf":{"@id":"https:\/\/www.wpd.de\/windpark-kemnitz\/#website"},"primaryImageOfPage":{"@id":"https:\/\/www.wpd.de\/windpark-kemnitz\/planung\/aktueller-planungsstand\/#primaryimage"},"image":{"@id":"https:\/\/www.wpd.de\/windpark-kemnitz\/planung\/aktueller-planungsstand\/#primaryimage"},"thumbnailUrl":"https:\/\/www.wpd.de\/windpark-kemnitz\/wp-content\/uploads\/sites\/12\/2025\/06\/wpd_PotsdamBuero_006-scaled-e1749819418927.jpg","datePublished":"2025-07-16T11:10:37+00:00","dateModified":"2025-07-25T09:56:19+00:00","breadcrumb":{"@id":"https:\/\/www.wpd.de\/windpark-kemnitz\/planung\/aktueller-planungsstand\/#breadcrumb"},"inLanguage":"de","potentialAction":[{"@type":"ReadAction","target":["https:\/\/www.wpd.de\/windpark-kemnitz\/planung\/aktueller-planungsstand\/"]}]},{"@type":"ImageObject","inLanguage":"de","@id":"https:\/\/www.wpd.de\/windpark-kemnitz\/planung\/aktueller-planungsstand\/#primaryimage","url":"https:\/\/www.wpd.de\/windpark-kemnitz\/wp-content\/uploads\/sites\/12\/2025\/06\/wpd_PotsdamBuero_006-scaled-e1749819418927.jpg","contentUrl":"https:\/\/www.wpd.de\/windpark-kemnitz\/wp-content\/uploads\/sites\/12\/2025\/06\/wpd_PotsdamBuero_006-scaled-e1749819418927.jpg","width":1984,"height":1984},{"@type":"BreadcrumbList","@id":"https:\/\/www.wpd.de\/windpark-kemnitz\/planung\/aktueller-planungsstand\/#breadcrumb","itemListElement":[{"@type":"ListItem","position":1,"name":"Startseite","item":"https:\/\/www.wpd.de\/windpark-kemnitz\/"},{"@type":"ListItem","position":2,"name":"Planung","item":"https:\/\/www.wpd.de\/windpark-kemnitz\/planung\/"},{"@type":"ListItem","position":3,"name":"Aktueller Planungsstand"}]},{"@type":"WebSite","@id":"https:\/\/www.wpd.de\/windpark-kemnitz\/#website","url":"https:\/\/www.wpd.de\/windpark-kemnitz\/","name":"Windpark Kemnitz Repowering","description":"Eine weitere wpd.de Websites Website","potentialAction":[{"@type":"SearchAction","target":{"@type":"EntryPoint","urlTemplate":"https:\/\/www.wpd.de\/windpark-kemnitz\/?s={search_term_string}"},"query-input":{"@type":"PropertyValueSpecification","valueRequired":true,"valueName":"search_term_string"}}],"inLanguage":"de"}]}},"_links":{"self":[{"href":"https:\/\/www.wpd.de\/windpark-kemnitz\/wp-json\/wp\/v2\/pages\/3612","targetHints":{"allow":["GET"]}}],"collection":[{"href":"https:\/\/www.wpd.de\/windpark-kemnitz\/wp-json\/wp\/v2\/pages"}],"about":[{"href":"https:\/\/www.wpd.de\/windpark-kemnitz\/wp-json\/wp\/v2\/types\/page"}],"author":[{"embeddable":true,"href":"https:\/\/www.wpd.de\/windpark-kemnitz\/wp-json\/wp\/v2\/users\/36"}],"replies":[{"embeddable":true,"href":"https:\/\/www.wpd.de\/windpark-kemnitz\/wp-json\/wp\/v2\/comments?post=3612"}],"version-history":[{"count":232,"href":"https:\/\/www.wpd.de\/windpark-kemnitz\/wp-json\/wp\/v2\/pages\/3612\/revisions"}],"predecessor-version":[{"id":4101,"href":"https:\/\/www.wpd.de\/windpark-kemnitz\/wp-json\/wp\/v2\/pages\/3612\/revisions\/4101"}],"up":[{"embeddable":true,"href":"https:\/\/www.wpd.de\/windpark-kemnitz\/wp-json\/wp\/v2\/pages\/470"}],"wp:featuredmedia":[{"embeddable":true,"href":"https:\/\/www.wpd.de\/windpark-kemnitz\/wp-json\/wp\/v2\/media\/2471"}],"wp:attachment":[{"href":"https:\/\/www.wpd.de\/windpark-kemnitz\/wp-json\/wp\/v2\/media?parent=3612"}],"curies":[{"name":"wp","href":"https:\/\/api.w.org\/{rel}","templated":true}]}}