{"id":240,"date":"2025-05-21T12:06:19","date_gmt":"2025-05-21T10:06:19","guid":{"rendered":"https:\/\/www.wpd.de\/windpark-saulheim-partenheim\/?page_id=240"},"modified":"2025-06-18T14:15:04","modified_gmt":"2025-06-18T12:15:04","slug":"klimaschutz","status":"publish","type":"page","link":"https:\/\/www.wpd.de\/windpark-kemnitz\/wissenswertes\/umweltvertraeglichkeit\/klimaschutz\/","title":{"rendered":"Klimaschutz"},"content":{"rendered":"","protected":false},"excerpt":{"rendered":"a:1:{i:0;s:0:&#8220;&#8220;;} Worum geht es? Beim Klimaschutz geht es um den Schutz des heute auf der Welt herrschenden Klimas f\u00fcr jetzt und zuk\u00fcnftig lebende Generationen. Die Hauptintention ist jedoch nicht der Umwelt- oder Artenschutz, sondern der Erhalt eines Klimas, das f\u00fcr das Leben auf der Erde und damit f\u00fcr die Spezies Mensch ertr\u00e4glich ist. Klimaschutz dient also dem Erhalt der Menschheit. weiss    Was sind Treibhausgase und woher kommt der Name? <ul>\r\n \t<li>Treibhausgase sind Teil der sogenannten <strong>Spurengase.<\/strong> Deren Anteil an der Atmosph\u00e4re ist relativ gering, betr\u00e4gt nur 0,1\u202f% (darunter CO\u2082 mit 0,04 %); ihre Wirkung auf das Klima aber ist dennoch immens gro\u00df.<\/li>\r\n \t<li>Wichtige Treibhausgase:\r\n<ul>\r\n \t<li><strong>Kohlenstoffdioxid (CO\u2082)<\/strong><\/li>\r\n \t<li><strong>Methan (CH\u2084)<\/strong><\/li>\r\n \t<li><strong>Lachgas (N\u2082O)<\/strong><\/li>\r\n<\/ul>\r\n<\/li>\r\n<\/ul>\r\n&nbsp;\r\n\r\n<strong>Namensherkunft und Wirkung:<\/strong>\r\n<ul>\r\n \t<li>Treibhausgase wirken wie das <strong>Glas eines Gew\u00e4chshauses<\/strong><\/li>\r\n \t<li>Sie <strong>reflektieren W\u00e4rmestrahlung<\/strong> zur\u00fcck zur Erde<\/li>\r\n \t<li>Ohne sie:\r\n<ul>\r\n \t<li>W\u00e4rmeverlust w\u00e4re sehr hoch.<\/li>\r\n \t<li>Durchschnittstemperatur: <strong>\u221219<\/strong><strong>\u202f<\/strong><strong>\u00b0C<\/strong><\/li>\r\n \t<li>Kein Leben, gefrorener Boden\/Wasser.<\/li>\r\n<\/ul>\r\n<\/li>\r\n \t<li>Mit ihnen:\r\n<ul>\r\n \t<li>Durchschnittstemperatur: <strong>+14<\/strong><strong>\u202f<\/strong><strong>\u00b0C<\/strong><\/li>\r\n \t<li><strong>Lebensfreundliches Klima<\/strong> entsteht \u2192 <strong>Treibhauseffekt<\/strong><\/li>\r\n<\/ul>\r\n<\/li>\r\n \t<li>Mit dem Ansteigen des Anteils der Treibhausgase aber wird mehr W\u00e4rme in der Atmosph\u00e4re gehalten. Das Klima erw\u00e4rmt sich.<\/li>\r\n<\/ul>\r\nAbbildung nach <a href=\"https:\/\/www.klimawandel-buch.de\/\" target=\"_blank\" rel=\"noopener\">David Nelles, Christian Serrer (2018): <em>Kleine Gase &#8211; Gro\u00dfe Wirkung. Der Klimawandel<\/em>.<\/a> grau   889 fiftififti links a:5:{i:0;s:11:&#8220;text-normal&#8220;;i:1;s:11:&#8220;text-normal&#8220;;i:2;s:11:&#8220;text-normal&#8220;;i:3;s:11:&#8220;text-normal&#8220;;i:4;s:11:&#8220;text-normal&#8220;;}    Wieso spricht jeder vom CO\u2082-Sparen? <ul>\r\n \t<li><strong>CO\u2082 ist das wichtigste menschengemachte Treibhausgas<\/strong><\/li>\r\n \t<li>Der <strong>Anstieg von CO\u2082<\/strong> verst\u00e4rkt den nat\u00fcrlichen Treibhauseffekt \u2192 <strong>globale Erw\u00e4rmung<\/strong><\/li>\r\n \t<li>Ursache: <strong>vom Menschen verursachte Prozesse<\/strong> (z. B. Industrie, Verkehr, Energieerzeugung)<\/li>\r\n \t<li><strong>CO\u2082 hat den gr\u00f6\u00dften Anteil<\/strong> an den menschengemachten Treibhausgasen<\/li>\r\n \t<li>Daher: <strong>CO\u2082-Reduktion ist der effektivste Hebel<\/strong>, um die Erderw\u00e4rmung zu begrenzen bzw. zu verlangsamen<\/li>\r\n<\/ul> weiss    fiftififti rechts Wieso brauchen wir eine Energiewende? <ul>\r\n \t<li><strong>Hauptursache f\u00fcr CO\u2082-Emissionen<\/strong>: Verbrennung fossiler Brennstoffe<\/li>\r\n \t<li><strong>Energiewirtschaft<\/strong> verursacht ca. <strong>31<\/strong><strong>\u202f% der Treibhausgas-Emissionen<\/strong> in Deutschland<\/li>\r\n \t<li><strong>Energiewende<\/strong> = Umstieg von fossilen auf <strong>erneuerbare Energietr\u00e4ger<\/strong> (z. B.\u202f Wind, Sonne)<\/li>\r\n \t<li>Gro\u00dfer Beitrag zum <strong>Klimaschutz<\/strong> m\u00f6glich<\/li>\r\n \t<li>Notwendig wegen des <strong>Ausstiegs aus Atom- und Kohlestrom.<\/strong> Der konsequente Ausbau erneuerbarer Energien ist entscheidend.<\/li>\r\n<\/ul>\r\nQuelle des Treibhausgasanteils:\u00a0<a href=\"https:\/\/www.umweltbundesamt.de\/sites\/default\/files\/medien\/1410\/publikationen\/2020-04-15-climate-change_22-2020_nir_2020_de.pdf\" target=\"_blank\" rel=\"noopener\">https:\/\/www.umweltbundesamt.de\/sites\/default\/files\/medien\/1410\/publikationen\/2020-04-15-climate-change_22-2020_nir_2020_de.pdf<\/a> grau    fiftififti rechts Welchen Beitrag leistet die Windkraft zum Klimaschutz? <ul>\r\n \t<li><strong>Windenergie geh\u00f6rt zu den emissions\u00e4rmsten Energiequellen<\/strong> (neben Laufwasser und biogenem Abfallstrom)<\/li>\r\n \t<li><strong>Emissionsfaktor<\/strong>: misst CO\u2082-\u00c4quivalente pro erzeugter kWh Strom \u2192 Windenergie schneidet hierbei sehr gut ab<\/li>\r\n \t<li><strong>Gro\u00dfes Potenzial f\u00fcr den Klimaschutz<\/strong> durch niedrige Emissionen<\/li>\r\n \t<li>Beitrag zur <strong>Energiewende<\/strong> durch:\r\n<ul>\r\n \t<li><strong>Modernisierung bestehender Anlagen<\/strong> (technischer Fortschritt)<\/li>\r\n \t<li><strong>Ausbau des Bestands an Windenergieanlagen<\/strong> (onshore und offshore)<\/li>\r\n<\/ul>\r\n<\/li>\r\n<\/ul>\r\n&nbsp;\r\n\r\nWeitere Informationen zu den einzelnen Emissionsfaktoren der Energietr\u00e4ger finden Sie in der Publikation &#8222;Emissionsbilanz erneuerbarer Energien&#8220; des Umweltbundesamts unter:\u00a0<a href=\"https:\/\/www.umweltbundesamt.de\/publikationen\/emissionsbilanz-erneuerbarer-energietraeger-2017\" target=\"_blank\" rel=\"noopener\">https:\/\/www.umweltbundesamt.de\/publikationen\/emissionsbilanz-erneuerbarer-energietraeger-2017<\/a> weiss        kein_schmuck 0   0   0 kein_schmuck 0    kein_schmuck 0    kein_schmuck 0    kein_schmuck 0 ","protected":false},"author":16,"featured_media":2236,"parent":1351,"menu_order":16,"comment_status":"closed","ping_status":"closed","template":"template-flexible-contents.php","meta":{"_acf_changed":false,"footnotes":""},"class_list":["post-240","page","type-page","status-publish","has-post-thumbnail","hentry"],"acf":[],"yoast_head":"<!-- This site is optimized with the Yoast SEO plugin v25.4 - https:\/\/yoast.com\/wordpress\/plugins\/seo\/ -->\n<title>Klimaschutz - Windpark Kemnitz Repowering<\/title>\n<meta name=\"description\" content=\"Beim Klimaschutz geht es um den Schutz des heute auf der Welt herrschenden Klimas f\u00fcr jetzt und zuk\u00fcnftig lebende Generationen. Die Hauptintention ist jedoch nicht der Umwelt- oder Artenschutz, sondern der Erhalt eines Klimas, das f\u00fcr das Le\" \/>\n<meta name=\"robots\" content=\"index, follow, max-snippet:-1, max-image-preview:large, max-video-preview:-1\" \/>\n<link rel=\"canonical\" href=\"https:\/\/www.wpd.de\/windpark-kemnitz\/wissenswertes\/umweltvertraeglichkeit\/klimaschutz\/\" \/>\n<meta property=\"og:locale\" content=\"de_DE\" \/>\n<meta property=\"og:type\" content=\"article\" \/>\n<meta property=\"og:title\" content=\"Klimaschutz - Windpark Kemnitz Repowering\" \/>\n<meta property=\"og:description\" content=\"Beim Klimaschutz geht es um den Schutz des heute auf der Welt herrschenden Klimas f\u00fcr jetzt und zuk\u00fcnftig lebende Generationen. Die Hauptintention ist jedoch nicht der Umwelt- oder Artenschutz, sondern der Erhalt eines Klimas, das f\u00fcr das Le\" \/>\n<meta property=\"og:url\" content=\"https:\/\/www.wpd.de\/windpark-kemnitz\/wissenswertes\/umweltvertraeglichkeit\/klimaschutz\/\" \/>\n<meta property=\"og:site_name\" content=\"Windpark Kemnitz Repowering\" \/>\n<meta property=\"article:modified_time\" content=\"2025-06-18T12:15:04+00:00\" \/>\n<meta property=\"og:image\" content=\"https:\/\/www.wpd.de\/windpark-kemnitz\/wp-content\/uploads\/sites\/12\/2025\/06\/Bockenem_12_zug-scaled.jpg\" \/>\n\t<meta property=\"og:image:width\" content=\"2560\" \/>\n\t<meta property=\"og:image:height\" content=\"1214\" \/>\n\t<meta property=\"og:image:type\" content=\"image\/jpeg\" \/>\n<meta name=\"twitter:card\" content=\"summary_large_image\" \/>\n<script type=\"application\/ld+json\" class=\"yoast-schema-graph\">{\"@context\":\"https:\/\/schema.org\",\"@graph\":[{\"@type\":\"WebPage\",\"@id\":\"https:\/\/www.wpd.de\/windpark-kemnitz\/wissenswertes\/umweltvertraeglichkeit\/klimaschutz\/\",\"url\":\"https:\/\/www.wpd.de\/windpark-kemnitz\/wissenswertes\/umweltvertraeglichkeit\/klimaschutz\/\",\"name\":\"Klimaschutz - Windpark Kemnitz Repowering\",\"isPartOf\":{\"@id\":\"https:\/\/www.wpd.de\/windpark-kemnitz\/#website\"},\"primaryImageOfPage\":{\"@id\":\"https:\/\/www.wpd.de\/windpark-kemnitz\/wissenswertes\/umweltvertraeglichkeit\/klimaschutz\/#primaryimage\"},\"image\":{\"@id\":\"https:\/\/www.wpd.de\/windpark-kemnitz\/wissenswertes\/umweltvertraeglichkeit\/klimaschutz\/#primaryimage\"},\"thumbnailUrl\":\"https:\/\/www.wpd.de\/windpark-kemnitz\/wp-content\/uploads\/sites\/12\/2025\/06\/Bockenem_12_zug-scaled.jpg\",\"datePublished\":\"2025-05-21T10:06:19+00:00\",\"dateModified\":\"2025-06-18T12:15:04+00:00\",\"breadcrumb\":{\"@id\":\"https:\/\/www.wpd.de\/windpark-kemnitz\/wissenswertes\/umweltvertraeglichkeit\/klimaschutz\/#breadcrumb\"},\"inLanguage\":\"de\",\"potentialAction\":[{\"@type\":\"ReadAction\",\"target\":[\"https:\/\/www.wpd.de\/windpark-kemnitz\/wissenswertes\/umweltvertraeglichkeit\/klimaschutz\/\"]}]},{\"@type\":\"ImageObject\",\"inLanguage\":\"de\",\"@id\":\"https:\/\/www.wpd.de\/windpark-kemnitz\/wissenswertes\/umweltvertraeglichkeit\/klimaschutz\/#primaryimage\",\"url\":\"https:\/\/www.wpd.de\/windpark-kemnitz\/wp-content\/uploads\/sites\/12\/2025\/06\/Bockenem_12_zug-scaled.jpg\",\"contentUrl\":\"https:\/\/www.wpd.de\/windpark-kemnitz\/wp-content\/uploads\/sites\/12\/2025\/06\/Bockenem_12_zug-scaled.jpg\",\"width\":2560,\"height\":1214},{\"@type\":\"BreadcrumbList\",\"@id\":\"https:\/\/www.wpd.de\/windpark-kemnitz\/wissenswertes\/umweltvertraeglichkeit\/klimaschutz\/#breadcrumb\",\"itemListElement\":[{\"@type\":\"ListItem\",\"position\":1,\"name\":\"Startseite\",\"item\":\"https:\/\/www.wpd.de\/windpark-kemnitz\/\"},{\"@type\":\"ListItem\",\"position\":2,\"name\":\"Wissenswertes\",\"item\":\"https:\/\/www.wpd.de\/windpark-kemnitz\/wissenswertes\/\"},{\"@type\":\"ListItem\",\"position\":3,\"name\":\"Umweltvertr\u00e4glichkeit\",\"item\":\"https:\/\/www.wpd.de\/windpark-kemnitz\/wissenswertes\/umweltvertraeglichkeit\/\"},{\"@type\":\"ListItem\",\"position\":4,\"name\":\"Klimaschutz\"}]},{\"@type\":\"WebSite\",\"@id\":\"https:\/\/www.wpd.de\/windpark-kemnitz\/#website\",\"url\":\"https:\/\/www.wpd.de\/windpark-kemnitz\/\",\"name\":\"Windpark Kemnitz Repowering\",\"description\":\"Eine weitere wpd.de Websites Website\",\"potentialAction\":[{\"@type\":\"SearchAction\",\"target\":{\"@type\":\"EntryPoint\",\"urlTemplate\":\"https:\/\/www.wpd.de\/windpark-kemnitz\/?s={search_term_string}\"},\"query-input\":{\"@type\":\"PropertyValueSpecification\",\"valueRequired\":true,\"valueName\":\"search_term_string\"}}],\"inLanguage\":\"de\"}]}<\/script>\n<!-- \/ Yoast SEO plugin. -->","yoast_head_json":{"title":"Klimaschutz - Windpark Kemnitz Repowering","description":"Beim Klimaschutz geht es um den Schutz des heute auf der Welt herrschenden Klimas f\u00fcr jetzt und zuk\u00fcnftig lebende Generationen. Die Hauptintention ist jedoch nicht der Umwelt- oder Artenschutz, sondern der Erhalt eines Klimas, das f\u00fcr das Le","robots":{"index":"index","follow":"follow","max-snippet":"max-snippet:-1","max-image-preview":"max-image-preview:large","max-video-preview":"max-video-preview:-1"},"canonical":"https:\/\/www.wpd.de\/windpark-kemnitz\/wissenswertes\/umweltvertraeglichkeit\/klimaschutz\/","og_locale":"de_DE","og_type":"article","og_title":"Klimaschutz - Windpark Kemnitz Repowering","og_description":"Beim Klimaschutz geht es um den Schutz des heute auf der Welt herrschenden Klimas f\u00fcr jetzt und zuk\u00fcnftig lebende Generationen. Die Hauptintention ist jedoch nicht der Umwelt- oder Artenschutz, sondern der Erhalt eines Klimas, das f\u00fcr das Le","og_url":"https:\/\/www.wpd.de\/windpark-kemnitz\/wissenswertes\/umweltvertraeglichkeit\/klimaschutz\/","og_site_name":"Windpark Kemnitz Repowering","article_modified_time":"2025-06-18T12:15:04+00:00","og_image":[{"width":2560,"height":1214,"url":"https:\/\/www.wpd.de\/windpark-kemnitz\/wp-content\/uploads\/sites\/12\/2025\/06\/Bockenem_12_zug-scaled.jpg","type":"image\/jpeg"}],"twitter_card":"summary_large_image","schema":{"@context":"https:\/\/schema.org","@graph":[{"@type":"WebPage","@id":"https:\/\/www.wpd.de\/windpark-kemnitz\/wissenswertes\/umweltvertraeglichkeit\/klimaschutz\/","url":"https:\/\/www.wpd.de\/windpark-kemnitz\/wissenswertes\/umweltvertraeglichkeit\/klimaschutz\/","name":"Klimaschutz - Windpark Kemnitz Repowering","isPartOf":{"@id":"https:\/\/www.wpd.de\/windpark-kemnitz\/#website"},"primaryImageOfPage":{"@id":"https:\/\/www.wpd.de\/windpark-kemnitz\/wissenswertes\/umweltvertraeglichkeit\/klimaschutz\/#primaryimage"},"image":{"@id":"https:\/\/www.wpd.de\/windpark-kemnitz\/wissenswertes\/umweltvertraeglichkeit\/klimaschutz\/#primaryimage"},"thumbnailUrl":"https:\/\/www.wpd.de\/windpark-kemnitz\/wp-content\/uploads\/sites\/12\/2025\/06\/Bockenem_12_zug-scaled.jpg","datePublished":"2025-05-21T10:06:19+00:00","dateModified":"2025-06-18T12:15:04+00:00","breadcrumb":{"@id":"https:\/\/www.wpd.de\/windpark-kemnitz\/wissenswertes\/umweltvertraeglichkeit\/klimaschutz\/#breadcrumb"},"inLanguage":"de","potentialAction":[{"@type":"ReadAction","target":["https:\/\/www.wpd.de\/windpark-kemnitz\/wissenswertes\/umweltvertraeglichkeit\/klimaschutz\/"]}]},{"@type":"ImageObject","inLanguage":"de","@id":"https:\/\/www.wpd.de\/windpark-kemnitz\/wissenswertes\/umweltvertraeglichkeit\/klimaschutz\/#primaryimage","url":"https:\/\/www.wpd.de\/windpark-kemnitz\/wp-content\/uploads\/sites\/12\/2025\/06\/Bockenem_12_zug-scaled.jpg","contentUrl":"https:\/\/www.wpd.de\/windpark-kemnitz\/wp-content\/uploads\/sites\/12\/2025\/06\/Bockenem_12_zug-scaled.jpg","width":2560,"height":1214},{"@type":"BreadcrumbList","@id":"https:\/\/www.wpd.de\/windpark-kemnitz\/wissenswertes\/umweltvertraeglichkeit\/klimaschutz\/#breadcrumb","itemListElement":[{"@type":"ListItem","position":1,"name":"Startseite","item":"https:\/\/www.wpd.de\/windpark-kemnitz\/"},{"@type":"ListItem","position":2,"name":"Wissenswertes","item":"https:\/\/www.wpd.de\/windpark-kemnitz\/wissenswertes\/"},{"@type":"ListItem","position":3,"name":"Umweltvertr\u00e4glichkeit","item":"https:\/\/www.wpd.de\/windpark-kemnitz\/wissenswertes\/umweltvertraeglichkeit\/"},{"@type":"ListItem","position":4,"name":"Klimaschutz"}]},{"@type":"WebSite","@id":"https:\/\/www.wpd.de\/windpark-kemnitz\/#website","url":"https:\/\/www.wpd.de\/windpark-kemnitz\/","name":"Windpark Kemnitz Repowering","description":"Eine weitere wpd.de Websites Website","potentialAction":[{"@type":"SearchAction","target":{"@type":"EntryPoint","urlTemplate":"https:\/\/www.wpd.de\/windpark-kemnitz\/?s={search_term_string}"},"query-input":{"@type":"PropertyValueSpecification","valueRequired":true,"valueName":"search_term_string"}}],"inLanguage":"de"}]}},"_links":{"self":[{"href":"https:\/\/www.wpd.de\/windpark-kemnitz\/wp-json\/wp\/v2\/pages\/240","targetHints":{"allow":["GET"]}}],"collection":[{"href":"https:\/\/www.wpd.de\/windpark-kemnitz\/wp-json\/wp\/v2\/pages"}],"about":[{"href":"https:\/\/www.wpd.de\/windpark-kemnitz\/wp-json\/wp\/v2\/types\/page"}],"author":[{"embeddable":true,"href":"https:\/\/www.wpd.de\/windpark-kemnitz\/wp-json\/wp\/v2\/users\/16"}],"replies":[{"embeddable":true,"href":"https:\/\/www.wpd.de\/windpark-kemnitz\/wp-json\/wp\/v2\/comments?post=240"}],"version-history":[{"count":107,"href":"https:\/\/www.wpd.de\/windpark-kemnitz\/wp-json\/wp\/v2\/pages\/240\/revisions"}],"predecessor-version":[{"id":3448,"href":"https:\/\/www.wpd.de\/windpark-kemnitz\/wp-json\/wp\/v2\/pages\/240\/revisions\/3448"}],"up":[{"embeddable":true,"href":"https:\/\/www.wpd.de\/windpark-kemnitz\/wp-json\/wp\/v2\/pages\/1351"}],"wp:featuredmedia":[{"embeddable":true,"href":"https:\/\/www.wpd.de\/windpark-kemnitz\/wp-json\/wp\/v2\/media\/2236"}],"wp:attachment":[{"href":"https:\/\/www.wpd.de\/windpark-kemnitz\/wp-json\/wp\/v2\/media?parent=240"}],"curies":[{"name":"wp","href":"https:\/\/api.w.org\/{rel}","templated":true}]}}