{"id":2065,"date":"2025-06-11T14:08:19","date_gmt":"2025-06-11T12:08:19","guid":{"rendered":"https:\/\/www.wpd.de\/windpark-kemnitz\/?page_id=2065"},"modified":"2025-07-22T10:57:38","modified_gmt":"2025-07-22T08:57:38","slug":"schall","status":"publish","type":"page","link":"https:\/\/www.wpd.de\/windpark-kemnitz\/wissenswertes\/umweltvertraeglichkeit\/schall\/","title":{"rendered":"Schall"},"content":{"rendered":"","protected":false},"excerpt":{"rendered":"    a:1:{i:0;s:0:&#8220;&#8220;;} a:3:{i:0;s:11:&#8220;text-normal&#8220;;i:1;s:11:&#8220;text-normal&#8220;;i:2;s:11:&#8220;text-normal&#8220;;}  L\u00e4rm durch Windenergie?  <ul>\r\n \t<li>Die Drehung der Rotorbl\u00e4tter erzeugt unvermeidbar Schall.<\/li>\r\n \t<li>Schall kann f\u00fcr Anwohner st\u00f6rend sein. Daher gibt es in Deutschland strenge gesetzliche Regelungen.<\/li>\r\n \t<li><strong>Rechtsgrundlage<\/strong>: Technische Anleitung zum Schutz gegen L\u00e4rm (TA L\u00e4rm)<\/li>\r\n \t<li>Die TA L\u00e4rm legt <strong>Immissionsrichtwerte<\/strong> f\u00fcr unterschiedliche Gebietstypen fest, wie z.\u202f B. f\u00fcr Wohngebiete.<\/li>\r\n<\/ul>     kein_schmuck weiss 0  0  zweidritteltext 0 rechts    <ul>\r\n \t<li>Bei neuen Windenergieanlagen sind <strong>individuelle Schallgutachten<\/strong> im Genehmigungsverfahren <strong>Pflicht<\/strong>\r\n<ul>\r\n \t<li>Diese Gutachten pr\u00fcfen, ob Grenzwerte eingehalten werden<\/li>\r\n \t<li>Bei \u00dcberschreitung ist der Bau nicht zul\u00e4ssig<\/li>\r\n<\/ul>\r\n<\/li>\r\n \t<li>Weitere Ma\u00dfnahmen in Deutschland:\r\n<ul>\r\n \t<li><strong>Gr\u00f6\u00dfere Abst\u00e4nde<\/strong> zwischen Windenergieanlagen und Wohngebieten<\/li>\r\n \t<li><strong>Technische Optimierungen<\/strong>:\r\n<ul>\r\n \t<li>Verbesserte Rotorblattformen<\/li>\r\n \t<li>Ger\u00e4uscharmer Nachtbetrieb<\/li>\r\n<\/ul>\r\n<\/li>\r\n<\/ul>\r\n<\/li>\r\n<\/ul>\r\nZiel: <strong>Ausgleich zwischen Windenergieausbau und Anwohnerschutz<\/strong>    2682 0   zweidritteltext 1 links kein_schmuck weiss 1  Schallleistung und Schalldruck  <strong>Ursache und Wirkung von Druckschwankungen<\/strong>\r\n\r\nDie beiden h\u00e4ufigsten und wichtigsten Angaben zum Schallpegel sind die des Schallleistungspegels und Schalldruckpegels.\r\n\r\nZum besseren Verst\u00e4ndnis l\u00e4sst sich folgende Analogie heranziehen: Eine elektrische Heizung strahlt W\u00e4rme in einen Raum ab; diese W\u00e4rme wirkt sich in Form einer Temperatur\u00e4nderung aus. Die Temperatur ist eine physikalisch messbare Gr\u00f6\u00dfe (im Gegensatz zur W\u00e4rme) und ist abh\u00e4ngig von den Raumeigenschaften (wie der Gr\u00f6\u00dfe, der Isolierung etc.) sowie der Einwirkung anderer W\u00e4rmequellen (bspw. einer zweiten Heizung). Die elektrische Leistung der Heizung ist jedoch (losgel\u00f6st davon, wie viele W\u00e4rmequellen es sonst noch im Raum gibt oder wie dieser ausgestattet ist) immer gleich gro\u00df.\r\n\r\nDie Beziehung zwischen Schallleistung und Schalldruck verh\u00e4lt sich ganz \u00e4hnlich. H\u00f6r- und messbar ist der Schalldruck. Er ist analog zur Temperatur die Wirkung und abh\u00e4ngig von Raumeigenschaften und weiteren Schallquellen. Verursacht wird der Schalldruckpegel durch die Schallleistung einer Schallquelle (im Beispiel ein Presslufthammer). G\u00e4be es zwei Schallquellen im Raum, w\u00fcrde dies den Schalldruckpegel erh\u00f6hen; der Schallleistungspegel eines Presslufthammers w\u00e4re jedoch konstant.\r\n\r\nWird der Schallleistungspegel einer Windkraftanlage bspw. mit 100 dB angegeben, so entspricht dies niemals dem an einem Immissionsort (der Ort der Belastung) ankommenden Schalldruckpegel. Der Wert wird am Belastungsort immer niedriger ausfallen als direkt an der Schallquelle.     woelbung_nach_oben grau 1 ","protected":false},"author":34,"featured_media":2234,"parent":1351,"menu_order":1,"comment_status":"closed","ping_status":"closed","template":"template-flexible-contents.php","meta":{"_acf_changed":false,"footnotes":""},"class_list":["post-2065","page","type-page","status-publish","has-post-thumbnail","hentry"],"acf":[],"yoast_head":"<!-- This site is optimized with the Yoast SEO plugin v25.4 - https:\/\/yoast.com\/wordpress\/plugins\/seo\/ -->\n<title>Schall - Windpark Kemnitz Repowering<\/title>\n<meta name=\"description\" content=\"Die Drehung der Rotorbl\u00e4tter erzeugt unvermeidbar Schall. Schall kann f\u00fcr Anwohner st\u00f6rend sein. Daher gibt es in Deutschland strenge gesetzliche Regelungen. Rechtsgrundlage: Technische Anleitung zum\" \/>\n<meta name=\"robots\" content=\"index, follow, max-snippet:-1, max-image-preview:large, max-video-preview:-1\" \/>\n<link rel=\"canonical\" href=\"https:\/\/www.wpd.de\/windpark-kemnitz\/wissenswertes\/umweltvertraeglichkeit\/schall\/\" \/>\n<meta property=\"og:locale\" content=\"de_DE\" \/>\n<meta property=\"og:type\" content=\"article\" \/>\n<meta property=\"og:title\" content=\"Schall - Windpark Kemnitz Repowering\" \/>\n<meta property=\"og:description\" content=\"Die Drehung der Rotorbl\u00e4tter erzeugt unvermeidbar Schall. Schall kann f\u00fcr Anwohner st\u00f6rend sein. Daher gibt es in Deutschland strenge gesetzliche Regelungen. Rechtsgrundlage: Technische Anleitung zum\" \/>\n<meta property=\"og:url\" content=\"https:\/\/www.wpd.de\/windpark-kemnitz\/wissenswertes\/umweltvertraeglichkeit\/schall\/\" \/>\n<meta property=\"og:site_name\" content=\"Windpark Kemnitz Repowering\" \/>\n<meta property=\"article:modified_time\" content=\"2025-07-22T08:57:38+00:00\" \/>\n<meta property=\"og:image\" content=\"https:\/\/www.wpd.de\/windpark-kemnitz\/wp-content\/uploads\/sites\/12\/2025\/06\/Bietikow_031_zug-scaled.jpg\" \/>\n\t<meta property=\"og:image:width\" content=\"2560\" \/>\n\t<meta property=\"og:image:height\" content=\"1448\" \/>\n\t<meta property=\"og:image:type\" content=\"image\/jpeg\" \/>\n<meta name=\"twitter:card\" content=\"summary_large_image\" \/>\n<script type=\"application\/ld+json\" class=\"yoast-schema-graph\">{\"@context\":\"https:\/\/schema.org\",\"@graph\":[{\"@type\":\"WebPage\",\"@id\":\"https:\/\/www.wpd.de\/windpark-kemnitz\/wissenswertes\/umweltvertraeglichkeit\/schall\/\",\"url\":\"https:\/\/www.wpd.de\/windpark-kemnitz\/wissenswertes\/umweltvertraeglichkeit\/schall\/\",\"name\":\"Schall - Windpark Kemnitz Repowering\",\"isPartOf\":{\"@id\":\"https:\/\/www.wpd.de\/windpark-kemnitz\/#website\"},\"primaryImageOfPage\":{\"@id\":\"https:\/\/www.wpd.de\/windpark-kemnitz\/wissenswertes\/umweltvertraeglichkeit\/schall\/#primaryimage\"},\"image\":{\"@id\":\"https:\/\/www.wpd.de\/windpark-kemnitz\/wissenswertes\/umweltvertraeglichkeit\/schall\/#primaryimage\"},\"thumbnailUrl\":\"https:\/\/www.wpd.de\/windpark-kemnitz\/wp-content\/uploads\/sites\/12\/2025\/06\/Bietikow_031_zug-scaled.jpg\",\"datePublished\":\"2025-06-11T12:08:19+00:00\",\"dateModified\":\"2025-07-22T08:57:38+00:00\",\"breadcrumb\":{\"@id\":\"https:\/\/www.wpd.de\/windpark-kemnitz\/wissenswertes\/umweltvertraeglichkeit\/schall\/#breadcrumb\"},\"inLanguage\":\"de\",\"potentialAction\":[{\"@type\":\"ReadAction\",\"target\":[\"https:\/\/www.wpd.de\/windpark-kemnitz\/wissenswertes\/umweltvertraeglichkeit\/schall\/\"]}]},{\"@type\":\"ImageObject\",\"inLanguage\":\"de\",\"@id\":\"https:\/\/www.wpd.de\/windpark-kemnitz\/wissenswertes\/umweltvertraeglichkeit\/schall\/#primaryimage\",\"url\":\"https:\/\/www.wpd.de\/windpark-kemnitz\/wp-content\/uploads\/sites\/12\/2025\/06\/Bietikow_031_zug-scaled.jpg\",\"contentUrl\":\"https:\/\/www.wpd.de\/windpark-kemnitz\/wp-content\/uploads\/sites\/12\/2025\/06\/Bietikow_031_zug-scaled.jpg\",\"width\":2560,\"height\":1448},{\"@type\":\"BreadcrumbList\",\"@id\":\"https:\/\/www.wpd.de\/windpark-kemnitz\/wissenswertes\/umweltvertraeglichkeit\/schall\/#breadcrumb\",\"itemListElement\":[{\"@type\":\"ListItem\",\"position\":1,\"name\":\"Startseite\",\"item\":\"https:\/\/www.wpd.de\/windpark-kemnitz\/\"},{\"@type\":\"ListItem\",\"position\":2,\"name\":\"Wissenswertes\",\"item\":\"https:\/\/www.wpd.de\/windpark-kemnitz\/wissenswertes\/\"},{\"@type\":\"ListItem\",\"position\":3,\"name\":\"Umweltvertr\u00e4glichkeit\",\"item\":\"https:\/\/www.wpd.de\/windpark-kemnitz\/wissenswertes\/umweltvertraeglichkeit\/\"},{\"@type\":\"ListItem\",\"position\":4,\"name\":\"Schall\"}]},{\"@type\":\"WebSite\",\"@id\":\"https:\/\/www.wpd.de\/windpark-kemnitz\/#website\",\"url\":\"https:\/\/www.wpd.de\/windpark-kemnitz\/\",\"name\":\"Windpark Kemnitz Repowering\",\"description\":\"Eine weitere wpd.de Websites Website\",\"potentialAction\":[{\"@type\":\"SearchAction\",\"target\":{\"@type\":\"EntryPoint\",\"urlTemplate\":\"https:\/\/www.wpd.de\/windpark-kemnitz\/?s={search_term_string}\"},\"query-input\":{\"@type\":\"PropertyValueSpecification\",\"valueRequired\":true,\"valueName\":\"search_term_string\"}}],\"inLanguage\":\"de\"}]}<\/script>\n<!-- \/ Yoast SEO plugin. -->","yoast_head_json":{"title":"Schall - Windpark Kemnitz Repowering","description":"Die Drehung der Rotorbl\u00e4tter erzeugt unvermeidbar Schall. Schall kann f\u00fcr Anwohner st\u00f6rend sein. Daher gibt es in Deutschland strenge gesetzliche Regelungen. Rechtsgrundlage: Technische Anleitung zum","robots":{"index":"index","follow":"follow","max-snippet":"max-snippet:-1","max-image-preview":"max-image-preview:large","max-video-preview":"max-video-preview:-1"},"canonical":"https:\/\/www.wpd.de\/windpark-kemnitz\/wissenswertes\/umweltvertraeglichkeit\/schall\/","og_locale":"de_DE","og_type":"article","og_title":"Schall - Windpark Kemnitz Repowering","og_description":"Die Drehung der Rotorbl\u00e4tter erzeugt unvermeidbar Schall. Schall kann f\u00fcr Anwohner st\u00f6rend sein. Daher gibt es in Deutschland strenge gesetzliche Regelungen. Rechtsgrundlage: Technische Anleitung zum","og_url":"https:\/\/www.wpd.de\/windpark-kemnitz\/wissenswertes\/umweltvertraeglichkeit\/schall\/","og_site_name":"Windpark Kemnitz Repowering","article_modified_time":"2025-07-22T08:57:38+00:00","og_image":[{"width":2560,"height":1448,"url":"https:\/\/www.wpd.de\/windpark-kemnitz\/wp-content\/uploads\/sites\/12\/2025\/06\/Bietikow_031_zug-scaled.jpg","type":"image\/jpeg"}],"twitter_card":"summary_large_image","schema":{"@context":"https:\/\/schema.org","@graph":[{"@type":"WebPage","@id":"https:\/\/www.wpd.de\/windpark-kemnitz\/wissenswertes\/umweltvertraeglichkeit\/schall\/","url":"https:\/\/www.wpd.de\/windpark-kemnitz\/wissenswertes\/umweltvertraeglichkeit\/schall\/","name":"Schall - Windpark Kemnitz Repowering","isPartOf":{"@id":"https:\/\/www.wpd.de\/windpark-kemnitz\/#website"},"primaryImageOfPage":{"@id":"https:\/\/www.wpd.de\/windpark-kemnitz\/wissenswertes\/umweltvertraeglichkeit\/schall\/#primaryimage"},"image":{"@id":"https:\/\/www.wpd.de\/windpark-kemnitz\/wissenswertes\/umweltvertraeglichkeit\/schall\/#primaryimage"},"thumbnailUrl":"https:\/\/www.wpd.de\/windpark-kemnitz\/wp-content\/uploads\/sites\/12\/2025\/06\/Bietikow_031_zug-scaled.jpg","datePublished":"2025-06-11T12:08:19+00:00","dateModified":"2025-07-22T08:57:38+00:00","breadcrumb":{"@id":"https:\/\/www.wpd.de\/windpark-kemnitz\/wissenswertes\/umweltvertraeglichkeit\/schall\/#breadcrumb"},"inLanguage":"de","potentialAction":[{"@type":"ReadAction","target":["https:\/\/www.wpd.de\/windpark-kemnitz\/wissenswertes\/umweltvertraeglichkeit\/schall\/"]}]},{"@type":"ImageObject","inLanguage":"de","@id":"https:\/\/www.wpd.de\/windpark-kemnitz\/wissenswertes\/umweltvertraeglichkeit\/schall\/#primaryimage","url":"https:\/\/www.wpd.de\/windpark-kemnitz\/wp-content\/uploads\/sites\/12\/2025\/06\/Bietikow_031_zug-scaled.jpg","contentUrl":"https:\/\/www.wpd.de\/windpark-kemnitz\/wp-content\/uploads\/sites\/12\/2025\/06\/Bietikow_031_zug-scaled.jpg","width":2560,"height":1448},{"@type":"BreadcrumbList","@id":"https:\/\/www.wpd.de\/windpark-kemnitz\/wissenswertes\/umweltvertraeglichkeit\/schall\/#breadcrumb","itemListElement":[{"@type":"ListItem","position":1,"name":"Startseite","item":"https:\/\/www.wpd.de\/windpark-kemnitz\/"},{"@type":"ListItem","position":2,"name":"Wissenswertes","item":"https:\/\/www.wpd.de\/windpark-kemnitz\/wissenswertes\/"},{"@type":"ListItem","position":3,"name":"Umweltvertr\u00e4glichkeit","item":"https:\/\/www.wpd.de\/windpark-kemnitz\/wissenswertes\/umweltvertraeglichkeit\/"},{"@type":"ListItem","position":4,"name":"Schall"}]},{"@type":"WebSite","@id":"https:\/\/www.wpd.de\/windpark-kemnitz\/#website","url":"https:\/\/www.wpd.de\/windpark-kemnitz\/","name":"Windpark Kemnitz Repowering","description":"Eine weitere wpd.de Websites Website","potentialAction":[{"@type":"SearchAction","target":{"@type":"EntryPoint","urlTemplate":"https:\/\/www.wpd.de\/windpark-kemnitz\/?s={search_term_string}"},"query-input":{"@type":"PropertyValueSpecification","valueRequired":true,"valueName":"search_term_string"}}],"inLanguage":"de"}]}},"_links":{"self":[{"href":"https:\/\/www.wpd.de\/windpark-kemnitz\/wp-json\/wp\/v2\/pages\/2065","targetHints":{"allow":["GET"]}}],"collection":[{"href":"https:\/\/www.wpd.de\/windpark-kemnitz\/wp-json\/wp\/v2\/pages"}],"about":[{"href":"https:\/\/www.wpd.de\/windpark-kemnitz\/wp-json\/wp\/v2\/types\/page"}],"author":[{"embeddable":true,"href":"https:\/\/www.wpd.de\/windpark-kemnitz\/wp-json\/wp\/v2\/users\/34"}],"replies":[{"embeddable":true,"href":"https:\/\/www.wpd.de\/windpark-kemnitz\/wp-json\/wp\/v2\/comments?post=2065"}],"version-history":[{"count":89,"href":"https:\/\/www.wpd.de\/windpark-kemnitz\/wp-json\/wp\/v2\/pages\/2065\/revisions"}],"predecessor-version":[{"id":3995,"href":"https:\/\/www.wpd.de\/windpark-kemnitz\/wp-json\/wp\/v2\/pages\/2065\/revisions\/3995"}],"up":[{"embeddable":true,"href":"https:\/\/www.wpd.de\/windpark-kemnitz\/wp-json\/wp\/v2\/pages\/1351"}],"wp:featuredmedia":[{"embeddable":true,"href":"https:\/\/www.wpd.de\/windpark-kemnitz\/wp-json\/wp\/v2\/media\/2234"}],"wp:attachment":[{"href":"https:\/\/www.wpd.de\/windpark-kemnitz\/wp-json\/wp\/v2\/media?parent=2065"}],"curies":[{"name":"wp","href":"https:\/\/api.w.org\/{rel}","templated":true}]}}