{"id":1325,"date":"2025-05-21T12:06:19","date_gmt":"2025-05-21T10:06:19","guid":{"rendered":"https:\/\/www.wpd.de\/windpark-saulheim-partenheim\/?page_id=1325"},"modified":"2025-06-18T14:36:21","modified_gmt":"2025-06-18T12:36:21","slug":"wussten-sie","status":"publish","type":"page","link":"https:\/\/www.wpd.de\/windpark-kemnitz\/wissenswertes\/umweltvertraeglichkeit\/wussten-sie\/","title":{"rendered":"Wussten Sie&#8230;?"},"content":{"rendered":"","protected":false},"excerpt":{"rendered":"a:1:{i:0;s:0:&#8220;&#8220;;}     Wussten Sie &#8230;?  weiss    a:7:{i:0;s:11:&#8220;text-normal&#8220;;i:1;s:11:&#8220;text-normal&#8220;;i:2;s:11:&#8220;text-normal&#8220;;i:3;s:11:&#8220;text-normal&#8220;;i:4;s:11:&#8220;text-normal&#8220;;i:5;s:11:&#8220;text-normal&#8220;;i:6;s:11:&#8220;text-normal&#8220;;}    kein_schmuck 0  Erosion von Rotorbl\u00e4ttern  <strong>Erosion<\/strong> = Verschlei\u00df der Rotorblattoberfl\u00e4che durch Abrieb (z.\u202fB. Regen, Staub)\r\n\r\n<strong>Abrieb bei Windenergieanlagen (WEA):<\/strong> ca. 2,74\u202fkg pro Anlage und Jahr\r\n\r\n<strong>Gesamtabrieb in Deutschland:<\/strong> knapp 78.400\u202fkg pro Jahr (bei 28.611 WEA)\r\n\r\n<strong>Vergleich:<\/strong>\r\n<ul>\r\n \t<li>Autoreifen: 102.090.000\u202fkg\/Jahr<\/li>\r\n \t<li>Schuhsohlen: 9.047.000\u202fkg\/Jahr<\/li>\r\n<\/ul>\r\n<strong>Folgen und Ma\u00dfnahmen:<\/strong>\r\n<ul>\r\n \t<li>Regelm\u00e4\u00dfige, fachgerechte Inspektionen und Instandhaltungen<\/li>\r\n \t<li>Sch\u00e4den werden mit Schutzlack versiegelt<\/li>\r\n \t<li>Fr\u00fchzeitige Reparaturen wichtig f\u00fcr Ertrag der Anlage<\/li>\r\n<\/ul>   2742 0   zweidritteltext 1 rechts kein_schmuck weiss 1  Infraschall  I<strong>nfraschall<\/strong> = Schall mit Frequenz unterhalb der menschlichen H\u00f6rgrenze\r\n\r\n<strong>Quellen:<\/strong> nat\u00fcrlich und k\u00fcnstlich (z. B. K\u00fchlschrank, Waschmaschine, Handy, Meeresbrandung, Gewitterdonner)\r\n\r\n<strong>Studie des Umweltbundesamts:<\/strong> kein negativer Einfluss auf die Gesundheit\r\n\r\n<strong>H\u00f6r- und Messbarkeit:<\/strong>\r\n<ul>\r\n \t<li>bei 200\u202fm nicht h\u00f6rbar<\/li>\r\n \t<li>ab ca. 700\u202fm nicht mehr messbar (\u00fcberlagert von Alltagsger\u00e4uschen)<\/li>\r\n<\/ul>\r\n<strong>Gesetzliche Regelung:<\/strong>\r\n<ul>\r\n \t<li>Bundes-Immissionsschutzgesetz sch\u00fctzt das Recht auf k\u00f6rperliche Unversehrtheit<\/li>\r\n \t<li>Daher: Messungen und Einhalten <strong>strenger Grenzwerte<\/strong> bei WEA-Planung<\/li>\r\n \t<li>Ziel: Ausschluss gesundheitlicher Beeintr\u00e4chtigungen f\u00fcr Anwohner<\/li>\r\n<\/ul>   2682 0   zweidritteltext 1 links kein_schmuck grau 0  Versiegelung der B\u00f6den nach dem R\u00fcckbau  <strong>Fundament notwendig<\/strong> f\u00fcr stabile Standfestigkeit \u00fcber bis zu 30 Jahre Betriebsdauer\r\n\r\n<strong>Fundament<\/strong>: aus Beton, versiegelt einen Teil des Bodens\r\n<ul>\r\n \t<li>Durchmesser: bis zu 30\u202fm (= ca. 0,07\u202fha)<\/li>\r\n<\/ul>\r\n<strong>Nach 20\u201330 Jahren Laufzeit:<\/strong>\r\n<ul>\r\n \t<li><strong>R\u00fcckbau der Anlage<\/strong> erfolgt<\/li>\r\n \t<li>R\u00fcckbau finanziell abgesichert durch B\u00fcrgschaft (vor Baubeginn, bei\r\nunabh\u00e4ngiger Beh\u00f6rde hinterlegt)<\/li>\r\n<\/ul>\r\n<strong>Fundament wird vollst\u00e4ndig entfernt<\/strong>\r\n<ul>\r\n \t<li>Beton kann z.\u202f T.\u00a0 im <strong>Stra\u00dfenbau wiederverwendet<\/strong> werden<\/li>\r\n<\/ul>\r\n<strong>Bodenversiegelung wird aufgehoben<\/strong>   2752 0   zweidritteltext 1 rechts kein_schmuck weiss 0  Recycling der Anlagen  <strong>Betreiber ist verpflichtet<\/strong> zum regelgerechten R\u00fcckbau und fachgerechter Entsorgung\r\n\r\n<strong>\u00dcber 90<\/strong><strong>\u202f% der Windenergieanlage<\/strong> sind heute recycelbar\r\n\r\n<strong>Beton-T\u00fcrme und -Fundamente:<\/strong> zerkleinerbar, nutzbar im Stra\u00dfen- und Wegebau\r\n\r\n<strong>Stahlt\u00fcrme:<\/strong> R\u00fcckf\u00fchrung in die Stahlproduktion m\u00f6glich\r\n\r\n<strong>Rotorbl\u00e4tter:<\/strong> bestehen aus Verbundmaterialien \u2192 spezielle Verfahren zur <strong>Faserr\u00fcckgewinnung<\/strong>\r\n\r\n<strong>Technik (z.<\/strong><strong>\u202fB. Schaltschr\u00e4nke, Generator, Kabel):<\/strong> k\u00f6nnen neben dem Recycling <strong>als Ersatzteile weiterverwendet<\/strong>\r\noder verkauft werden   2753 0   zweidritteltext 1 links kein_schmuck grau 0  Wind bewegt  F\u00fcr weitere spannende Themen und offene Fragen nutzen Sie gerne die BWE-Brosch\u00fcre! a:3:{s:5:&#8220;title&#8220;;s:44:&#8220;Wind bewegt &#8211; Argumente f\u00fcr die Windenergie&#8220;;s:3:&#8220;url&#8220;;s:183:&#8220;https:\/\/www.wind-energie.de\/fileadmin\/redaktion\/dokumente\/publikationen-oeffentlich\/themen\/01-mensch-und-umwelt\/01-windkraft-vor-ort\/BWE_Argumentarium_Wind_bewegt_9_Auflage_online.pdf&#8220;;s:6:&#8220;target&#8220;;s:6:&#8220;_blank&#8220;;}  Wind bewegt &#8211; Argumente f\u00fcr die Windenergie 2757 1   zweidritteltext 0 rechts kein_schmuck weiss 0    Zum Nachlesen:\r\n\r\n&nbsp;\r\n\r\nBWE (Mai 2021). Faktencheck: Windenergie und Infraschall, online unter <a id=\"menur84g\" class=\"fui-Link ___1q1shib f2hkw1w f3rmtva f1ewtqcl fyind8e f1k6fduh f1w7gpdv fk6fouc fjoy568 figsok6 f1s184ao f1mk8lai fnbmjn9 f1o700av f13mvf36 f1cmlufx f9n3di6 f1ids18y f1tx3yz7 f1deo86v f1eh06m1 f1iescvh fhgqx19 f1olyrje f1p93eir f1nev41a f1h8hb77 f1lqvz6u f10aw75t fsle3fq f17ae5zn\" title=\"https:\/\/www.wind-energie.de\/fileadmin\/redaktion\/dokumente\/publikationen-oeffentlich\/themen\/01-mensch-und-umwelt\/05-schall\/faktencheck_zur_infraschall_20210526_final.pdf\" href=\"https:\/\/www.wind-energie.de\/fileadmin\/redaktion\/dokumente\/publikationen-oeffentlich\/themen\/01-mensch-und-umwelt\/05-schall\/Faktencheck_zur_Infraschall_20210526_final.pdf\" target=\"_blank\" rel=\"noreferrer noopener\" aria-label=\"Link Faktencheck_zur_Infraschall_20210526_final.pdf\">Faktencheck_zur_Infraschall_20210526_final.pdf<\/a>, abgerufen am 17.06.2025\r\n\r\nBWE (August 2024). Faktencheck: Erosion an Rotorbl\u00e4ttern, online unter <a id=\"menur84i\" class=\"fui-Link ___1q1shib f2hkw1w f3rmtva f1ewtqcl fyind8e f1k6fduh f1w7gpdv fk6fouc fjoy568 figsok6 f1s184ao f1mk8lai fnbmjn9 f1o700av f13mvf36 f1cmlufx f9n3di6 f1ids18y f1tx3yz7 f1deo86v f1eh06m1 f1iescvh fhgqx19 f1olyrje f1p93eir f1nev41a f1h8hb77 f1lqvz6u f10aw75t fsle3fq f17ae5zn\" title=\"https:\/\/www.wind-energie.de\/fileadmin\/redaktion\/dokumente\/aktuelles\/faktenchecks\/20240801_bwe-faktencheck_-_erosion_an_rotorblaettern.pdf\" href=\"https:\/\/www.wind-energie.de\/fileadmin\/redaktion\/dokumente\/Aktuelles\/Faktenchecks\/20240801_BWE-Faktencheck_-_Erosion_an_Rotorblaettern.pdf\" target=\"_blank\" rel=\"noreferrer noopener\" aria-label=\"Link 20240801_BWE-Faktencheck_-_Erosion_an_Rotorblaettern.pdf\">20240801_BWE-Faktencheck_-_Erosion_an_Rotorblaettern.pdf<\/a>, abgerufen am 17.06.2025\r\n\r\nFachagentur Wind und Solar (August 2023). Infraschall und Windenergie, online unter <a id=\"menur84k\" class=\"fui-Link ___1q1shib f2hkw1w f3rmtva f1ewtqcl fyind8e f1k6fduh f1w7gpdv fk6fouc fjoy568 figsok6 f1s184ao f1mk8lai fnbmjn9 f1o700av f13mvf36 f1cmlufx f9n3di6 f1ids18y f1tx3yz7 f1deo86v f1eh06m1 f1iescvh fhgqx19 f1olyrje f1p93eir f1nev41a f1h8hb77 f1lqvz6u f10aw75t fsle3fq f17ae5zn\" title=\"https:\/\/www.fachagentur-wind-solar.de\/veroeffentlichungen\/mediathek\/detail\/infraschall-und-windenergie\" href=\"https:\/\/www.fachagentur-wind-solar.de\/veroeffentlichungen\/mediathek\/detail\/infraschall-und-windenergie\" target=\"_blank\" rel=\"noreferrer noopener\" aria-label=\"Link Infraschall und Windenergie - Fachagentur Wind und Solar\">Infraschall und Windenergie &#8211; Fachagentur Wind und Solar<\/a>, abgerufen am 17.06.2025\r\n\r\nDie Verpflichtung zum R\u00fcckbau ist gesetzlich geregelt: Nach \u00a7 35 Abs. 5 Satz 2 BauGB, online unter <a id=\"menur84m\" class=\"fui-Link ___1q1shib f2hkw1w f3rmtva f1ewtqcl fyind8e f1k6fduh f1w7gpdv fk6fouc fjoy568 figsok6 f1s184ao f1mk8lai fnbmjn9 f1o700av f13mvf36 f1cmlufx f9n3di6 f1ids18y f1tx3yz7 f1deo86v f1eh06m1 f1iescvh fhgqx19 f1olyrje f1p93eir f1nev41a f1h8hb77 f1lqvz6u f10aw75t fsle3fq f17ae5zn\" title=\"https:\/\/www.gesetze-im-internet.de\/bbaug\/__35.html\" href=\"https:\/\/www.gesetze-im-internet.de\/bbaug\/__35.html\" target=\"_blank\" rel=\"noreferrer noopener\" aria-label=\"Link \u00a7 35 BauGB - Einzelnorm\">\u00a7 35 BauGB &#8211; Einzelnorm<\/a>, abgerufen am 17.06.2025\r\n\r\nUmweltbundesam.de (26.09.2022). Rotorblattaufbereitung und Recycling von Faserverbundwerkstoffen, online unter <a id=\"menur84o\" class=\"fui-Link ___1q1shib f2hkw1w f3rmtva f1ewtqcl fyind8e f1k6fduh f1w7gpdv fk6fouc fjoy568 figsok6 f1s184ao f1mk8lai fnbmjn9 f1o700av f13mvf36 f1cmlufx f9n3di6 f1ids18y f1tx3yz7 f1deo86v f1eh06m1 f1iescvh fhgqx19 f1olyrje f1p93eir f1nev41a f1h8hb77 f1lqvz6u f10aw75t fsle3fq f17ae5zn\" title=\"https:\/\/www.umweltbundesamt.de\/themen\/abfall-ressourcen\/produktverantwortung-in-der-abfallwirtschaft\/windenergieanlagen\/rotorblattaufbereitung-recycling-von\" href=\"https:\/\/www.umweltbundesamt.de\/themen\/abfall-ressourcen\/produktverantwortung-in-der-abfallwirtschaft\/windenergieanlagen\/rotorblattaufbereitung-recycling-von\" target=\"_blank\" rel=\"noreferrer noopener\" aria-label=\"Link Rotorblattaufbereitung und Recycling von Faserverbundwerkstoffen | Umweltbundesamt\">Rotorblattaufbereitung und Recycling von Faserverbundwerkstoffen | Umweltbundesamt<\/a>, , abgerufen am 17.06.2025\r\n\r\nFachagentur f\u00fcr Wind und Solar. R\u00fcckbau und Recycling, online unter <a id=\"menur84q\" class=\"fui-Link ___1q1shib f2hkw1w f3rmtva f1ewtqcl fyind8e f1k6fduh f1w7gpdv fk6fouc fjoy568 figsok6 f1s184ao f1mk8lai fnbmjn9 f1o700av f13mvf36 f1cmlufx f9n3di6 f1ids18y f1tx3yz7 f1deo86v f1eh06m1 f1iescvh fhgqx19 f1olyrje f1p93eir f1nev41a f1h8hb77 f1lqvz6u f10aw75t fsle3fq f17ae5zn\" title=\"https:\/\/www.fachagentur-wind-solar.de\/wind\/rueckbau-und-recycling\" href=\"https:\/\/www.fachagentur-wind-solar.de\/wind\/rueckbau-und-recycling\" target=\"_blank\" rel=\"noreferrer noopener\" aria-label=\"Link R\u00fcckbau und Recycling - Fachagentur Wind und Solar\">R\u00fcckbau und Recycling &#8211; Fachagentur Wind und Solar<\/a>, abgerufen am 17.06.2025     kein_schmuck grau 0 ","protected":false},"author":15,"featured_media":2237,"parent":1351,"menu_order":7,"comment_status":"closed","ping_status":"closed","template":"template-flexible-contents.php","meta":{"_acf_changed":false,"footnotes":""},"class_list":["post-1325","page","type-page","status-publish","has-post-thumbnail","hentry"],"acf":[],"yoast_head":"<!-- This site is optimized with the Yoast SEO plugin v25.4 - https:\/\/yoast.com\/wordpress\/plugins\/seo\/ -->\n<title>Wussten Sie...? - Windpark Kemnitz Repowering<\/title>\n<meta name=\"robots\" content=\"index, follow, max-snippet:-1, max-image-preview:large, max-video-preview:-1\" \/>\n<link rel=\"canonical\" href=\"https:\/\/www.wpd.de\/windpark-kemnitz\/wissenswertes\/umweltvertraeglichkeit\/wussten-sie\/\" \/>\n<meta property=\"og:locale\" content=\"de_DE\" \/>\n<meta property=\"og:type\" content=\"article\" \/>\n<meta property=\"og:title\" content=\"Wussten Sie...? - Windpark Kemnitz Repowering\" \/>\n<meta property=\"og:url\" content=\"https:\/\/www.wpd.de\/windpark-kemnitz\/wissenswertes\/umweltvertraeglichkeit\/wussten-sie\/\" \/>\n<meta property=\"og:site_name\" content=\"Windpark Kemnitz Repowering\" \/>\n<meta property=\"article:modified_time\" content=\"2025-06-18T12:36:21+00:00\" \/>\n<meta property=\"og:image\" content=\"https:\/\/www.wpd.de\/windpark-kemnitz\/wp-content\/uploads\/sites\/12\/2025\/06\/Bredentin-Fluegel-vor-Anlagen-2_zug-scaled.jpg\" \/>\n\t<meta property=\"og:image:width\" content=\"2560\" \/>\n\t<meta property=\"og:image:height\" content=\"1476\" \/>\n\t<meta property=\"og:image:type\" content=\"image\/jpeg\" \/>\n<meta name=\"twitter:card\" content=\"summary_large_image\" \/>\n<script type=\"application\/ld+json\" class=\"yoast-schema-graph\">{\"@context\":\"https:\/\/schema.org\",\"@graph\":[{\"@type\":\"WebPage\",\"@id\":\"https:\/\/www.wpd.de\/windpark-kemnitz\/wissenswertes\/umweltvertraeglichkeit\/wussten-sie\/\",\"url\":\"https:\/\/www.wpd.de\/windpark-kemnitz\/wissenswertes\/umweltvertraeglichkeit\/wussten-sie\/\",\"name\":\"Wussten Sie...? - Windpark Kemnitz Repowering\",\"isPartOf\":{\"@id\":\"https:\/\/www.wpd.de\/windpark-kemnitz\/#website\"},\"primaryImageOfPage\":{\"@id\":\"https:\/\/www.wpd.de\/windpark-kemnitz\/wissenswertes\/umweltvertraeglichkeit\/wussten-sie\/#primaryimage\"},\"image\":{\"@id\":\"https:\/\/www.wpd.de\/windpark-kemnitz\/wissenswertes\/umweltvertraeglichkeit\/wussten-sie\/#primaryimage\"},\"thumbnailUrl\":\"https:\/\/www.wpd.de\/windpark-kemnitz\/wp-content\/uploads\/sites\/12\/2025\/06\/Bredentin-Fluegel-vor-Anlagen-2_zug-scaled.jpg\",\"datePublished\":\"2025-05-21T10:06:19+00:00\",\"dateModified\":\"2025-06-18T12:36:21+00:00\",\"breadcrumb\":{\"@id\":\"https:\/\/www.wpd.de\/windpark-kemnitz\/wissenswertes\/umweltvertraeglichkeit\/wussten-sie\/#breadcrumb\"},\"inLanguage\":\"de\",\"potentialAction\":[{\"@type\":\"ReadAction\",\"target\":[\"https:\/\/www.wpd.de\/windpark-kemnitz\/wissenswertes\/umweltvertraeglichkeit\/wussten-sie\/\"]}]},{\"@type\":\"ImageObject\",\"inLanguage\":\"de\",\"@id\":\"https:\/\/www.wpd.de\/windpark-kemnitz\/wissenswertes\/umweltvertraeglichkeit\/wussten-sie\/#primaryimage\",\"url\":\"https:\/\/www.wpd.de\/windpark-kemnitz\/wp-content\/uploads\/sites\/12\/2025\/06\/Bredentin-Fluegel-vor-Anlagen-2_zug-scaled.jpg\",\"contentUrl\":\"https:\/\/www.wpd.de\/windpark-kemnitz\/wp-content\/uploads\/sites\/12\/2025\/06\/Bredentin-Fluegel-vor-Anlagen-2_zug-scaled.jpg\",\"width\":2560,\"height\":1476},{\"@type\":\"BreadcrumbList\",\"@id\":\"https:\/\/www.wpd.de\/windpark-kemnitz\/wissenswertes\/umweltvertraeglichkeit\/wussten-sie\/#breadcrumb\",\"itemListElement\":[{\"@type\":\"ListItem\",\"position\":1,\"name\":\"Startseite\",\"item\":\"https:\/\/www.wpd.de\/windpark-kemnitz\/\"},{\"@type\":\"ListItem\",\"position\":2,\"name\":\"Wissenswertes\",\"item\":\"https:\/\/www.wpd.de\/windpark-kemnitz\/wissenswertes\/\"},{\"@type\":\"ListItem\",\"position\":3,\"name\":\"Umweltvertr\u00e4glichkeit\",\"item\":\"https:\/\/www.wpd.de\/windpark-kemnitz\/wissenswertes\/umweltvertraeglichkeit\/\"},{\"@type\":\"ListItem\",\"position\":4,\"name\":\"Wussten Sie&#8230;?\"}]},{\"@type\":\"WebSite\",\"@id\":\"https:\/\/www.wpd.de\/windpark-kemnitz\/#website\",\"url\":\"https:\/\/www.wpd.de\/windpark-kemnitz\/\",\"name\":\"Windpark Kemnitz Repowering\",\"description\":\"Eine weitere wpd.de Websites Website\",\"potentialAction\":[{\"@type\":\"SearchAction\",\"target\":{\"@type\":\"EntryPoint\",\"urlTemplate\":\"https:\/\/www.wpd.de\/windpark-kemnitz\/?s={search_term_string}\"},\"query-input\":{\"@type\":\"PropertyValueSpecification\",\"valueRequired\":true,\"valueName\":\"search_term_string\"}}],\"inLanguage\":\"de\"}]}<\/script>\n<!-- \/ Yoast SEO plugin. -->","yoast_head_json":{"title":"Wussten Sie...? - Windpark Kemnitz Repowering","robots":{"index":"index","follow":"follow","max-snippet":"max-snippet:-1","max-image-preview":"max-image-preview:large","max-video-preview":"max-video-preview:-1"},"canonical":"https:\/\/www.wpd.de\/windpark-kemnitz\/wissenswertes\/umweltvertraeglichkeit\/wussten-sie\/","og_locale":"de_DE","og_type":"article","og_title":"Wussten Sie...? - Windpark Kemnitz Repowering","og_url":"https:\/\/www.wpd.de\/windpark-kemnitz\/wissenswertes\/umweltvertraeglichkeit\/wussten-sie\/","og_site_name":"Windpark Kemnitz Repowering","article_modified_time":"2025-06-18T12:36:21+00:00","og_image":[{"width":2560,"height":1476,"url":"https:\/\/www.wpd.de\/windpark-kemnitz\/wp-content\/uploads\/sites\/12\/2025\/06\/Bredentin-Fluegel-vor-Anlagen-2_zug-scaled.jpg","type":"image\/jpeg"}],"twitter_card":"summary_large_image","schema":{"@context":"https:\/\/schema.org","@graph":[{"@type":"WebPage","@id":"https:\/\/www.wpd.de\/windpark-kemnitz\/wissenswertes\/umweltvertraeglichkeit\/wussten-sie\/","url":"https:\/\/www.wpd.de\/windpark-kemnitz\/wissenswertes\/umweltvertraeglichkeit\/wussten-sie\/","name":"Wussten Sie...? - Windpark Kemnitz Repowering","isPartOf":{"@id":"https:\/\/www.wpd.de\/windpark-kemnitz\/#website"},"primaryImageOfPage":{"@id":"https:\/\/www.wpd.de\/windpark-kemnitz\/wissenswertes\/umweltvertraeglichkeit\/wussten-sie\/#primaryimage"},"image":{"@id":"https:\/\/www.wpd.de\/windpark-kemnitz\/wissenswertes\/umweltvertraeglichkeit\/wussten-sie\/#primaryimage"},"thumbnailUrl":"https:\/\/www.wpd.de\/windpark-kemnitz\/wp-content\/uploads\/sites\/12\/2025\/06\/Bredentin-Fluegel-vor-Anlagen-2_zug-scaled.jpg","datePublished":"2025-05-21T10:06:19+00:00","dateModified":"2025-06-18T12:36:21+00:00","breadcrumb":{"@id":"https:\/\/www.wpd.de\/windpark-kemnitz\/wissenswertes\/umweltvertraeglichkeit\/wussten-sie\/#breadcrumb"},"inLanguage":"de","potentialAction":[{"@type":"ReadAction","target":["https:\/\/www.wpd.de\/windpark-kemnitz\/wissenswertes\/umweltvertraeglichkeit\/wussten-sie\/"]}]},{"@type":"ImageObject","inLanguage":"de","@id":"https:\/\/www.wpd.de\/windpark-kemnitz\/wissenswertes\/umweltvertraeglichkeit\/wussten-sie\/#primaryimage","url":"https:\/\/www.wpd.de\/windpark-kemnitz\/wp-content\/uploads\/sites\/12\/2025\/06\/Bredentin-Fluegel-vor-Anlagen-2_zug-scaled.jpg","contentUrl":"https:\/\/www.wpd.de\/windpark-kemnitz\/wp-content\/uploads\/sites\/12\/2025\/06\/Bredentin-Fluegel-vor-Anlagen-2_zug-scaled.jpg","width":2560,"height":1476},{"@type":"BreadcrumbList","@id":"https:\/\/www.wpd.de\/windpark-kemnitz\/wissenswertes\/umweltvertraeglichkeit\/wussten-sie\/#breadcrumb","itemListElement":[{"@type":"ListItem","position":1,"name":"Startseite","item":"https:\/\/www.wpd.de\/windpark-kemnitz\/"},{"@type":"ListItem","position":2,"name":"Wissenswertes","item":"https:\/\/www.wpd.de\/windpark-kemnitz\/wissenswertes\/"},{"@type":"ListItem","position":3,"name":"Umweltvertr\u00e4glichkeit","item":"https:\/\/www.wpd.de\/windpark-kemnitz\/wissenswertes\/umweltvertraeglichkeit\/"},{"@type":"ListItem","position":4,"name":"Wussten Sie&#8230;?"}]},{"@type":"WebSite","@id":"https:\/\/www.wpd.de\/windpark-kemnitz\/#website","url":"https:\/\/www.wpd.de\/windpark-kemnitz\/","name":"Windpark Kemnitz Repowering","description":"Eine weitere wpd.de Websites Website","potentialAction":[{"@type":"SearchAction","target":{"@type":"EntryPoint","urlTemplate":"https:\/\/www.wpd.de\/windpark-kemnitz\/?s={search_term_string}"},"query-input":{"@type":"PropertyValueSpecification","valueRequired":true,"valueName":"search_term_string"}}],"inLanguage":"de"}]}},"_links":{"self":[{"href":"https:\/\/www.wpd.de\/windpark-kemnitz\/wp-json\/wp\/v2\/pages\/1325","targetHints":{"allow":["GET"]}}],"collection":[{"href":"https:\/\/www.wpd.de\/windpark-kemnitz\/wp-json\/wp\/v2\/pages"}],"about":[{"href":"https:\/\/www.wpd.de\/windpark-kemnitz\/wp-json\/wp\/v2\/types\/page"}],"author":[{"embeddable":true,"href":"https:\/\/www.wpd.de\/windpark-kemnitz\/wp-json\/wp\/v2\/users\/15"}],"replies":[{"embeddable":true,"href":"https:\/\/www.wpd.de\/windpark-kemnitz\/wp-json\/wp\/v2\/comments?post=1325"}],"version-history":[{"count":49,"href":"https:\/\/www.wpd.de\/windpark-kemnitz\/wp-json\/wp\/v2\/pages\/1325\/revisions"}],"predecessor-version":[{"id":3457,"href":"https:\/\/www.wpd.de\/windpark-kemnitz\/wp-json\/wp\/v2\/pages\/1325\/revisions\/3457"}],"up":[{"embeddable":true,"href":"https:\/\/www.wpd.de\/windpark-kemnitz\/wp-json\/wp\/v2\/pages\/1351"}],"wp:featuredmedia":[{"embeddable":true,"href":"https:\/\/www.wpd.de\/windpark-kemnitz\/wp-json\/wp\/v2\/media\/2237"}],"wp:attachment":[{"href":"https:\/\/www.wpd.de\/windpark-kemnitz\/wp-json\/wp\/v2\/media?parent=1325"}],"curies":[{"name":"wp","href":"https:\/\/api.w.org\/{rel}","templated":true}]}}